{"id":1345,"date":"2023-11-27T09:00:15","date_gmt":"2023-11-27T09:00:15","guid":{"rendered":"https:\/\/migjeni.se\/?page_id=1345"},"modified":"2023-11-27T09:00:54","modified_gmt":"2023-11-27T09:00:54","slug":"proze","status":"publish","type":"page","link":"https:\/\/migjeni.se\/index.php\/proze\/","title":{"rendered":"Proz\u00eb"},"content":{"rendered":"\t\t<div data-elementor-type=\"wp-page\" data-elementor-id=\"1345\" class=\"elementor elementor-1345\" data-elementor-post-type=\"page\">\n\t\t\t\t\t\t<section class=\"elementor-section elementor-top-section elementor-element elementor-element-4b466d0c elementor-section-boxed elementor-section-height-default elementor-section-height-default\" data-id=\"4b466d0c\" data-element_type=\"section\">\n\t\t\t\t\t\t<div class=\"elementor-container elementor-column-gap-default\">\n\t\t\t\t\t<div class=\"elementor-column elementor-col-50 elementor-top-column elementor-element elementor-element-4fda2399\" data-id=\"4fda2399\" data-element_type=\"column\">\n\t\t\t<div class=\"elementor-widget-wrap elementor-element-populated\">\n\t\t\t\t\t\t<div class=\"elementor-element elementor-element-4f1f5a3 elementor-widget-divider--view-line elementor-widget elementor-widget-divider\" data-id=\"4f1f5a3\" data-element_type=\"widget\" data-widget_type=\"divider.default\">\n\t\t\t\t<div class=\"elementor-widget-container\">\n\t\t\t\t\t\t\t<div class=\"elementor-divider\">\n\t\t\t<span class=\"elementor-divider-separator\">\n\t\t\t\t\t\t<\/span>\n\t\t<\/div>\n\t\t\t\t\t\t<\/div>\n\t\t\t\t<\/div>\n\t\t\t\t<div class=\"elementor-element elementor-element-e1c1d96 elementor-widget elementor-widget-heading\" data-id=\"e1c1d96\" data-element_type=\"widget\" data-widget_type=\"heading.default\">\n\t\t\t\t<div class=\"elementor-widget-container\">\n\t\t\t\t\t<h3 class=\"elementor-heading-title elementor-size-default\">Proz\u00eb<\/h3>\t\t\t\t<\/div>\n\t\t\t\t<\/div>\n\t\t\t\t<div class=\"elementor-element elementor-element-cbb3001 elementor-grid-1 elementor-grid-tablet-1 elementor-grid-mobile-1 elementor-posts--thumbnail-top elementor-widget elementor-widget-posts\" data-id=\"cbb3001\" data-element_type=\"widget\" data-settings=\"{&quot;classic_columns&quot;:&quot;1&quot;,&quot;classic_row_gap&quot;:{&quot;unit&quot;:&quot;px&quot;,&quot;size&quot;:30,&quot;sizes&quot;:[]},&quot;classic_columns_tablet&quot;:&quot;1&quot;,&quot;pagination_type&quot;:&quot;numbers&quot;,&quot;classic_columns_mobile&quot;:&quot;1&quot;,&quot;classic_row_gap_tablet&quot;:{&quot;unit&quot;:&quot;px&quot;,&quot;size&quot;:&quot;&quot;,&quot;sizes&quot;:[]},&quot;classic_row_gap_mobile&quot;:{&quot;unit&quot;:&quot;px&quot;,&quot;size&quot;:&quot;&quot;,&quot;sizes&quot;:[]}}\" data-widget_type=\"posts.classic\">\n\t\t\t\t<div class=\"elementor-widget-container\">\n\t\t\t\t\t\t\t<div class=\"elementor-posts-container elementor-posts elementor-posts--skin-classic elementor-grid\">\n\t\t\t\t<article class=\"elementor-post elementor-grid-item post-4198 post type-post status-publish format-standard has-post-thumbnail hentry category-proze\">\n\t\t\t\t<a class=\"elementor-post__thumbnail__link\" href=\"https:\/\/migjeni.se\/index.php\/2026\/05\/01\/shkruar-nga-dr-shpresa-fundo-gjergjiese-kapiteni-i-dashurise-dhe-legjenda-e-ishullit-te-sazanit\/\" tabindex=\"-1\" >\n\t\t\t<div class=\"elementor-post__thumbnail\"><img fetchpriority=\"high\" decoding=\"async\" width=\"300\" height=\"236\" src=\"https:\/\/migjeni.se\/wp-content\/uploads\/2026\/05\/1000092915-300x236.jpg\" class=\"attachment-medium size-medium wp-image-4201\" alt=\"\" srcset=\"https:\/\/migjeni.se\/wp-content\/uploads\/2026\/05\/1000092915-300x236.jpg 300w, https:\/\/migjeni.se\/wp-content\/uploads\/2026\/05\/1000092915-1024x805.jpg 1024w, https:\/\/migjeni.se\/wp-content\/uploads\/2026\/05\/1000092915-768x604.jpg 768w, https:\/\/migjeni.se\/wp-content\/uploads\/2026\/05\/1000092915-1536x1207.jpg 1536w, https:\/\/migjeni.se\/wp-content\/uploads\/2026\/05\/1000092915-2048x1610.jpg 2048w\" sizes=\"(max-width: 300px) 100vw, 300px\" \/><\/div>\n\t\t<\/a>\n\t\t\t\t<div class=\"elementor-post__text\">\n\t\t\t\t<h3 class=\"elementor-post__title\">\n\t\t\t<a href=\"https:\/\/migjeni.se\/index.php\/2026\/05\/01\/shkruar-nga-dr-shpresa-fundo-gjergjiese-kapiteni-i-dashurise-dhe-legjenda-e-ishullit-te-sazanit\/\" >\n\t\t\t\tShkruar nga Dr. Shpresa Fundo Gjergji:ESE \u2013 Kapiteni i Dashuris\u00eb dhe \u201cLegjenda e Ishullit t\u00eb Sazanit\u201d\t\t\t<\/a>\n\t\t<\/h3>\n\t\t\t\t<div class=\"elementor-post__excerpt\">\n\t\t\t<p>ESE \u2013 Kapiteni i Dashuris\u00eb dhe \u201cLegjenda e Ishullit t\u00eb Sazanit\u201d Shkruar nga Dr. Shpresa Fundo Gjergji shpresagjergji60@gmail.com Nuk besoj n\u00eb koincidenca\u2026 Kjo, p\u00ebr faktin e thjesht\u00eb, sepse \u00e7do p\u00ebrvoj\u00eb m\u00eb ka m\u00ebsuar se rast\u00ebsia \u00ebsht\u00eb vet\u00ebm nj\u00eb em\u00ebr p\u00ebr di\u00e7ka, q\u00eb nuk e kuptojm\u00eb ende. Jeta nuk ndodh rast\u00ebsisht; ajo rrjedh sipas nj\u00eb logjike t\u00eb padukshme, shpesh t\u00eb \u00e7uditshme,<\/p>\n\t\t<\/div>\n\t\t\n\t\t<a class=\"elementor-post__read-more\" href=\"https:\/\/migjeni.se\/index.php\/2026\/05\/01\/shkruar-nga-dr-shpresa-fundo-gjergjiese-kapiteni-i-dashurise-dhe-legjenda-e-ishullit-te-sazanit\/\" aria-label=\"Read more about Shkruar nga Dr. Shpresa Fundo Gjergji:ESE \u2013 Kapiteni i Dashuris\u00eb dhe \u201cLegjenda e Ishullit t\u00eb Sazanit\u201d\" tabindex=\"-1\" >\n\t\t\tLEXO\t\t<\/a>\n\n\t\t\t\t<\/div>\n\t\t\t\t<\/article>\n\t\t\t\t<article class=\"elementor-post elementor-grid-item post-4176 post type-post status-publish format-standard has-post-thumbnail hentry category-proze\">\n\t\t\t\t<a class=\"elementor-post__thumbnail__link\" href=\"https:\/\/migjeni.se\/index.php\/2026\/04\/22\/viron-kona-libra-dhe-trendafila-tregim\/\" tabindex=\"-1\" >\n\t\t\t<div class=\"elementor-post__thumbnail\"><img decoding=\"async\" width=\"157\" height=\"300\" src=\"https:\/\/migjeni.se\/wp-content\/uploads\/2025\/04\/Bild1-157x300.png\" class=\"attachment-medium size-medium wp-image-2886\" alt=\"\" srcset=\"https:\/\/migjeni.se\/wp-content\/uploads\/2025\/04\/Bild1-157x300.png 157w, https:\/\/migjeni.se\/wp-content\/uploads\/2025\/04\/Bild1.png 222w\" sizes=\"(max-width: 157px) 100vw, 157px\" \/><\/div>\n\t\t<\/a>\n\t\t\t\t<div class=\"elementor-post__text\">\n\t\t\t\t<h3 class=\"elementor-post__title\">\n\t\t\t<a href=\"https:\/\/migjeni.se\/index.php\/2026\/04\/22\/viron-kona-libra-dhe-trendafila-tregim\/\" >\n\t\t\t\tViron KONA: Libra dhe tr\u00ebndafila-Tregim\t\t\t<\/a>\n\t\t<\/h3>\n\t\t\t\t<div class=\"elementor-post__excerpt\">\n\t\t\t<p>Viron KONA Libra dhe tr\u00ebndafila -Tregim- N\u00eb nderim t\u00eb 23 prillit, Dit\u00ebs Bot\u00ebrore t\u00eb Librit Vog\u00eblushi hyri n\u00eb hollin e katit t\u00eb par\u00eb t\u00eb bashkis\u00eb dhe s\u2019po dinte nga t\u00eb shkonte. P\u00ebrpara tij u shfaq nj\u00eb grua me fytyr\u00eb t\u00eb qeshur, e cila e pyeti: -Po ti vog\u00eblush, ku do q\u00eb t\u00eb shkosh, si mund t\u00eb t\u00eb ndihmoj? &#8211; Z\u00ebri<\/p>\n\t\t<\/div>\n\t\t\n\t\t<a class=\"elementor-post__read-more\" href=\"https:\/\/migjeni.se\/index.php\/2026\/04\/22\/viron-kona-libra-dhe-trendafila-tregim\/\" aria-label=\"Read more about Viron KONA: Libra dhe tr\u00ebndafila-Tregim\" tabindex=\"-1\" >\n\t\t\tLEXO\t\t<\/a>\n\n\t\t\t\t<\/div>\n\t\t\t\t<\/article>\n\t\t\t\t<article class=\"elementor-post elementor-grid-item post-4155 post type-post status-publish format-standard has-post-thumbnail hentry category-proze\">\n\t\t\t\t<a class=\"elementor-post__thumbnail__link\" href=\"https:\/\/migjeni.se\/index.php\/2026\/04\/10\/gladiola-jorbus-biseda-qe-nuk-mbaron-kurre\/\" tabindex=\"-1\" >\n\t\t\t<div class=\"elementor-post__thumbnail\"><img decoding=\"async\" width=\"201\" height=\"300\" src=\"https:\/\/migjeni.se\/wp-content\/uploads\/2026\/01\/23fc3c6e-73c9-4e99-8e55-546fac1a7384-201x300.jpg\" class=\"attachment-medium size-medium wp-image-3971\" alt=\"\" srcset=\"https:\/\/migjeni.se\/wp-content\/uploads\/2026\/01\/23fc3c6e-73c9-4e99-8e55-546fac1a7384-201x300.jpg 201w, https:\/\/migjeni.se\/wp-content\/uploads\/2026\/01\/23fc3c6e-73c9-4e99-8e55-546fac1a7384-685x1024.jpg 685w, https:\/\/migjeni.se\/wp-content\/uploads\/2026\/01\/23fc3c6e-73c9-4e99-8e55-546fac1a7384-768x1147.jpg 768w, https:\/\/migjeni.se\/wp-content\/uploads\/2026\/01\/23fc3c6e-73c9-4e99-8e55-546fac1a7384.jpg 899w\" sizes=\"(max-width: 201px) 100vw, 201px\" \/><\/div>\n\t\t<\/a>\n\t\t\t\t<div class=\"elementor-post__text\">\n\t\t\t\t<h3 class=\"elementor-post__title\">\n\t\t\t<a href=\"https:\/\/migjeni.se\/index.php\/2026\/04\/10\/gladiola-jorbus-biseda-qe-nuk-mbaron-kurre\/\" >\n\t\t\t\tGladiola\u00a0 Jorbus-Biseda q\u00eb nuk mbaron kurr\u00eb\t\t\t<\/a>\n\t\t<\/h3>\n\t\t\t\t<div class=\"elementor-post__excerpt\">\n\t\t\t<p>Gladiola\u00a0 Jorbus\u00a0 \u00a0 \u00a0 \u00a0 \u00a0 \u00a0 \u00a0 \u00a0 \u00a0 \u00a0\u00a0 \u00a0\u00a0\u00a0\u00a0\u00a0\u00a0\u00a0 \u00a0\u00a0\u00a0\u00a0\u00a0\u00a0\u00a0\u00a0\u00a0\u00a0\u00a0\u00a0\u00a0\u00a0\u00a0\u00a0\u00a0\u00a0\u00a0\u00a0\u00a0\u00a0\u00a0\u00a0\u00a0\u00a0Biseda q\u00eb nuk mbaron kurr\u00eb Ai ishte fotograf me profesion, por n\u00eb thelb ishte d\u00ebshmitar i bot\u00ebs. Kishte fotografuar n\u00eb savan\u00eb, mes drit\u00ebs s\u00eb ashp\u00ebr dhe heshtjes s\u00eb pafund, n\u00eb zona t\u00eb ndryshme klimatike ku natyra ndryshonte fytyr\u00eb si nj\u00eb njeri i lodhur, dhe n\u00eb luft\u00eb, aty ku<\/p>\n\t\t<\/div>\n\t\t\n\t\t<a class=\"elementor-post__read-more\" href=\"https:\/\/migjeni.se\/index.php\/2026\/04\/10\/gladiola-jorbus-biseda-qe-nuk-mbaron-kurre\/\" aria-label=\"Read more about Gladiola\u00a0 Jorbus-Biseda q\u00eb nuk mbaron kurr\u00eb\" tabindex=\"-1\" >\n\t\t\tLEXO\t\t<\/a>\n\n\t\t\t\t<\/div>\n\t\t\t\t<\/article>\n\t\t\t\t<article class=\"elementor-post elementor-grid-item post-4152 post type-post status-publish format-standard has-post-thumbnail hentry category-proze\">\n\t\t\t\t<a class=\"elementor-post__thumbnail__link\" href=\"https:\/\/migjeni.se\/index.php\/2026\/04\/07\/viron-kona-tregim-te-gjithe-derrat-nje-turi-kane\/\" tabindex=\"-1\" >\n\t\t\t<div class=\"elementor-post__thumbnail\"><img loading=\"lazy\" decoding=\"async\" width=\"300\" height=\"225\" src=\"https:\/\/migjeni.se\/wp-content\/uploads\/2023\/11\/VironKona21-300x225.jpg\" class=\"attachment-medium size-medium wp-image-2314\" alt=\"\" srcset=\"https:\/\/migjeni.se\/wp-content\/uploads\/2023\/11\/VironKona21-300x225.jpg 300w, https:\/\/migjeni.se\/wp-content\/uploads\/2023\/11\/VironKona21.jpg 400w\" sizes=\"(max-width: 300px) 100vw, 300px\" \/><\/div>\n\t\t<\/a>\n\t\t\t\t<div class=\"elementor-post__text\">\n\t\t\t\t<h3 class=\"elementor-post__title\">\n\t\t\t<a href=\"https:\/\/migjeni.se\/index.php\/2026\/04\/07\/viron-kona-tregim-te-gjithe-derrat-nje-turi-kane\/\" >\n\t\t\t\tViron Kona- Tregim &#8211; T\u00eb gjith\u00eb derrat nj\u00eb turi kan\u00eb!\t\t\t<\/a>\n\t\t<\/h3>\n\t\t\t\t<div class=\"elementor-post__excerpt\">\n\t\t\t<p>Viron KONA T\u00eb gjith\u00eb derrat nj\u00eb turi kan\u00eb! -tregim- N\u00eb at\u00eb klinik\u00eb t\u00eb huaj ai u prit ngroht\u00eb dhe, ajo q\u00eb ishte m\u00eb kryesorja, nga personeli mjek\u00ebsor u trajtua me seriozitet dhe me p\u00ebrkushtim t\u00eb plot\u00eb. Gjith\u00e7ka kishte p\u00ebrfunduar me nd\u00ebrhyrjen kirurgjikale, e cila doli e suksesshme dhe pa probleme t\u00eb m\u00ebtejshme. Gjat\u00eb koh\u00ebs s\u00eb q\u00ebndrimit thuajse tre mujor\u00eb, ai<\/p>\n\t\t<\/div>\n\t\t\n\t\t<a class=\"elementor-post__read-more\" href=\"https:\/\/migjeni.se\/index.php\/2026\/04\/07\/viron-kona-tregim-te-gjithe-derrat-nje-turi-kane\/\" aria-label=\"Read more about Viron Kona- Tregim &#8211; T\u00eb gjith\u00eb derrat nj\u00eb turi kan\u00eb!\" tabindex=\"-1\" >\n\t\t\tLEXO\t\t<\/a>\n\n\t\t\t\t<\/div>\n\t\t\t\t<\/article>\n\t\t\t\t<article class=\"elementor-post elementor-grid-item post-4146 post type-post status-publish format-standard has-post-thumbnail hentry category-proze\">\n\t\t\t\t<a class=\"elementor-post__thumbnail__link\" href=\"https:\/\/migjeni.se\/index.php\/2026\/04\/05\/kumrie-avdyl-shala-tregim\/\" tabindex=\"-1\" >\n\t\t\t<div class=\"elementor-post__thumbnail\"><img loading=\"lazy\" decoding=\"async\" width=\"254\" height=\"300\" src=\"https:\/\/migjeni.se\/wp-content\/uploads\/2025\/12\/1766272554960-254x300.jpeg\" class=\"attachment-medium size-medium wp-image-3795\" alt=\"\" srcset=\"https:\/\/migjeni.se\/wp-content\/uploads\/2025\/12\/1766272554960-254x300.jpeg 254w, https:\/\/migjeni.se\/wp-content\/uploads\/2025\/12\/1766272554960-867x1024.jpeg 867w, https:\/\/migjeni.se\/wp-content\/uploads\/2025\/12\/1766272554960-768x907.jpeg 768w, https:\/\/migjeni.se\/wp-content\/uploads\/2025\/12\/1766272554960.jpeg 1044w\" sizes=\"(max-width: 254px) 100vw, 254px\" \/><\/div>\n\t\t<\/a>\n\t\t\t\t<div class=\"elementor-post__text\">\n\t\t\t\t<h3 class=\"elementor-post__title\">\n\t\t\t<a href=\"https:\/\/migjeni.se\/index.php\/2026\/04\/05\/kumrie-avdyl-shala-tregim\/\" >\n\t\t\t\tKumrie Avdyl Shala-Tregim\t\t\t<\/a>\n\t\t<\/h3>\n\t\t\t\t<div class=\"elementor-post__excerpt\">\n\t\t\t<p>Kumrie Avdyl Shala KE SE HA LUFTA, E HA PAQA (Ngjarje e v\u00ebrtet\u00eb \u2013 rr\u00ebfim p\u00ebr heroin\u00ebn e heshtur \u201cEra\u201d) N\u00eb nj\u00eb fshat t\u00eb vog\u00ebl dardan, ku \u00e7do gur mban kujtime lufte, jeton nj\u00eb grua q\u00eb e th\u00ebrrasin \u201cEra\u201d. Jo m\u00eb kot e ka at\u00eb em\u00ebr \u2014 sepse ashtu ka qen\u00eb gjithmon\u00eb: e leht\u00eb si fryma, por e fort\u00eb si<\/p>\n\t\t<\/div>\n\t\t\n\t\t<a class=\"elementor-post__read-more\" href=\"https:\/\/migjeni.se\/index.php\/2026\/04\/05\/kumrie-avdyl-shala-tregim\/\" aria-label=\"Read more about Kumrie Avdyl Shala-Tregim\" tabindex=\"-1\" >\n\t\t\tLEXO\t\t<\/a>\n\n\t\t\t\t<\/div>\n\t\t\t\t<\/article>\n\t\t\t\t<article class=\"elementor-post elementor-grid-item post-4139 post type-post status-publish format-standard has-post-thumbnail hentry category-proze\">\n\t\t\t\t<a class=\"elementor-post__thumbnail__link\" href=\"https:\/\/migjeni.se\/index.php\/2026\/04\/03\/fatmir-terziu-tregim-bukuroshja\/\" tabindex=\"-1\" >\n\t\t\t<div class=\"elementor-post__thumbnail\"><img loading=\"lazy\" decoding=\"async\" width=\"300\" height=\"277\" src=\"https:\/\/migjeni.se\/wp-content\/uploads\/2026\/04\/661340986_3496776850498255_5186398129693197594_n-300x277.jpg\" class=\"attachment-medium size-medium wp-image-4140\" alt=\"\" srcset=\"https:\/\/migjeni.se\/wp-content\/uploads\/2026\/04\/661340986_3496776850498255_5186398129693197594_n-300x277.jpg 300w, https:\/\/migjeni.se\/wp-content\/uploads\/2026\/04\/661340986_3496776850498255_5186398129693197594_n-1024x944.jpg 1024w, https:\/\/migjeni.se\/wp-content\/uploads\/2026\/04\/661340986_3496776850498255_5186398129693197594_n-768x708.jpg 768w, https:\/\/migjeni.se\/wp-content\/uploads\/2026\/04\/661340986_3496776850498255_5186398129693197594_n.jpg 1500w\" sizes=\"(max-width: 300px) 100vw, 300px\" \/><\/div>\n\t\t<\/a>\n\t\t\t\t<div class=\"elementor-post__text\">\n\t\t\t\t<h3 class=\"elementor-post__title\">\n\t\t\t<a href=\"https:\/\/migjeni.se\/index.php\/2026\/04\/03\/fatmir-terziu-tregim-bukuroshja\/\" >\n\t\t\t\tFatmir Terziu-Tregim- Bukuroshja\t\t\t<\/a>\n\t\t<\/h3>\n\t\t\t\t<div class=\"elementor-post__excerpt\">\n\t\t\t<p>Fatmir Terziu Bukuroshja Tregim \u201cHiqe.\u201d Z\u00ebri i mpreht\u00eb u p\u00ebrplas n\u00eb dhom\u00ebn e lart\u00eb, ku drita hynte e zbeht\u00eb nga dritarja e madhe me perde t\u00eb r\u00ebnda. Figura e holl\u00eb n\u00eb prag, me nj\u00eb kapele t\u00eb vjet\u00ebr cilindrike dhe nj\u00eb pallto t\u00eb gjat\u00eb q\u00eb i varej si kujtim i dikujt tjet\u00ebr, u ndal. \u201cNuk po tregohesha pa respekt,\u201d tha vajza<\/p>\n\t\t<\/div>\n\t\t\n\t\t<a class=\"elementor-post__read-more\" href=\"https:\/\/migjeni.se\/index.php\/2026\/04\/03\/fatmir-terziu-tregim-bukuroshja\/\" aria-label=\"Read more about Fatmir Terziu-Tregim- Bukuroshja\" tabindex=\"-1\" >\n\t\t\tLEXO\t\t<\/a>\n\n\t\t\t\t<\/div>\n\t\t\t\t<\/article>\n\t\t\t\t<article class=\"elementor-post elementor-grid-item post-4114 post type-post status-publish format-standard has-post-thumbnail hentry category-proze\">\n\t\t\t\t<a class=\"elementor-post__thumbnail__link\" href=\"https:\/\/migjeni.se\/index.php\/2026\/03\/18\/nga-gladiola-jorbus-dashuri-ne-distance\/\" tabindex=\"-1\" >\n\t\t\t<div class=\"elementor-post__thumbnail\"><img loading=\"lazy\" decoding=\"async\" width=\"142\" height=\"300\" src=\"https:\/\/migjeni.se\/wp-content\/uploads\/2026\/03\/64b5bcf6-699a-4552-adc6-b62d59578791-142x300.jpg\" class=\"attachment-medium size-medium wp-image-4115\" alt=\"\" srcset=\"https:\/\/migjeni.se\/wp-content\/uploads\/2026\/03\/64b5bcf6-699a-4552-adc6-b62d59578791-142x300.jpg 142w, https:\/\/migjeni.se\/wp-content\/uploads\/2026\/03\/64b5bcf6-699a-4552-adc6-b62d59578791.jpg 251w\" sizes=\"(max-width: 142px) 100vw, 142px\" \/><\/div>\n\t\t<\/a>\n\t\t\t\t<div class=\"elementor-post__text\">\n\t\t\t\t<h3 class=\"elementor-post__title\">\n\t\t\t<a href=\"https:\/\/migjeni.se\/index.php\/2026\/03\/18\/nga-gladiola-jorbus-dashuri-ne-distance\/\" >\n\t\t\t\tNga Gladiola Jorbus: Dashuri n\u00eb distanc\u00eb\t\t\t<\/a>\n\t\t<\/h3>\n\t\t\t\t<div class=\"elementor-post__excerpt\">\n\t\t\t<p>Nga Gladiola Jorbus Dashuri n\u00eb distanc\u00eb Kur Arseni u zhvendos n\u00eb Prag\u00eb, e imagjinonte qytetin si n\u00eb fotografit\u00eb q\u00eb kishte par\u00eb: ura t\u00eb vjetra q\u00eb shtriheshin mbi lumin Vltava si krah\u00eb t\u00eb hapura, rrug\u00eb me kalldr\u00ebm, nd\u00ebrtesa me \u00e7ati t\u00eb kuqe. Pamje magjeps\u00ebsese q\u00eb t\u00eb linin pa frym\u00eb. Por realiteti ishte m\u00eb i thell\u00eb se kaq. Praga ishte nj\u00eb qytet<\/p>\n\t\t<\/div>\n\t\t\n\t\t<a class=\"elementor-post__read-more\" href=\"https:\/\/migjeni.se\/index.php\/2026\/03\/18\/nga-gladiola-jorbus-dashuri-ne-distance\/\" aria-label=\"Read more about Nga Gladiola Jorbus: Dashuri n\u00eb distanc\u00eb\" tabindex=\"-1\" >\n\t\t\tLEXO\t\t<\/a>\n\n\t\t\t\t<\/div>\n\t\t\t\t<\/article>\n\t\t\t\t<article class=\"elementor-post elementor-grid-item post-4082 post type-post status-publish format-standard has-post-thumbnail hentry category-proze\">\n\t\t\t\t<a class=\"elementor-post__thumbnail__link\" href=\"https:\/\/migjeni.se\/index.php\/2026\/03\/12\/nga-gladiola-jorbus-kur-kalon-prane-meje\/\" tabindex=\"-1\" >\n\t\t\t<div class=\"elementor-post__thumbnail\"><img loading=\"lazy\" decoding=\"async\" width=\"201\" height=\"300\" src=\"https:\/\/migjeni.se\/wp-content\/uploads\/2026\/03\/20141011_234115-201x300.jpg\" class=\"attachment-medium size-medium wp-image-4083\" alt=\"\" srcset=\"https:\/\/migjeni.se\/wp-content\/uploads\/2026\/03\/20141011_234115-201x300.jpg 201w, https:\/\/migjeni.se\/wp-content\/uploads\/2026\/03\/20141011_234115-685x1024.jpg 685w, https:\/\/migjeni.se\/wp-content\/uploads\/2026\/03\/20141011_234115-768x1147.jpg 768w, https:\/\/migjeni.se\/wp-content\/uploads\/2026\/03\/20141011_234115.jpg 899w\" sizes=\"(max-width: 201px) 100vw, 201px\" \/><\/div>\n\t\t<\/a>\n\t\t\t\t<div class=\"elementor-post__text\">\n\t\t\t\t<h3 class=\"elementor-post__title\">\n\t\t\t<a href=\"https:\/\/migjeni.se\/index.php\/2026\/03\/12\/nga-gladiola-jorbus-kur-kalon-prane-meje\/\" >\n\t\t\t\tNga Gladiola Jorbus: Kur kalon pran\u00eb meje\t\t\t<\/a>\n\t\t<\/h3>\n\t\t\t\t<div class=\"elementor-post__excerpt\">\n\t\t\t<p>Nga Gladiola Jorbus Kur kalon pran\u00eb meje A.R. kishte vet\u00ebm tre muaj q\u00eb punonte n\u00eb departamentin e ri. E qet\u00eb, e sjellshme, me nj\u00eb humor t\u00eb holl\u00eb, q\u00eb shpesh e fshihte pas buz\u00ebqeshjeve. Nuk fliste shum\u00eb, por kur fliste, njer\u00ebzit e d\u00ebgjonin. Kishte at\u00eb lloj pranie q\u00eb nuk b\u00ebrtet p\u00ebr v\u00ebmendje, por e merr pa kuptuar. M.K. ishte prej vitesh<\/p>\n\t\t<\/div>\n\t\t\n\t\t<a class=\"elementor-post__read-more\" href=\"https:\/\/migjeni.se\/index.php\/2026\/03\/12\/nga-gladiola-jorbus-kur-kalon-prane-meje\/\" aria-label=\"Read more about Nga Gladiola Jorbus: Kur kalon pran\u00eb meje\" tabindex=\"-1\" >\n\t\t\tLEXO\t\t<\/a>\n\n\t\t\t\t<\/div>\n\t\t\t\t<\/article>\n\t\t\t\t<article class=\"elementor-post elementor-grid-item post-4072 post type-post status-publish format-standard has-post-thumbnail hentry category-proze\">\n\t\t\t\t<a class=\"elementor-post__thumbnail__link\" href=\"https:\/\/migjeni.se\/index.php\/2026\/03\/08\/gladiola-jorbus-tregim\/\" tabindex=\"-1\" >\n\t\t\t<div class=\"elementor-post__thumbnail\"><img decoding=\"async\" width=\"201\" height=\"300\" src=\"https:\/\/migjeni.se\/wp-content\/uploads\/2026\/01\/23fc3c6e-73c9-4e99-8e55-546fac1a7384-201x300.jpg\" class=\"attachment-medium size-medium wp-image-3971\" alt=\"\" srcset=\"https:\/\/migjeni.se\/wp-content\/uploads\/2026\/01\/23fc3c6e-73c9-4e99-8e55-546fac1a7384-201x300.jpg 201w, https:\/\/migjeni.se\/wp-content\/uploads\/2026\/01\/23fc3c6e-73c9-4e99-8e55-546fac1a7384-685x1024.jpg 685w, https:\/\/migjeni.se\/wp-content\/uploads\/2026\/01\/23fc3c6e-73c9-4e99-8e55-546fac1a7384-768x1147.jpg 768w, https:\/\/migjeni.se\/wp-content\/uploads\/2026\/01\/23fc3c6e-73c9-4e99-8e55-546fac1a7384.jpg 899w\" sizes=\"(max-width: 201px) 100vw, 201px\" \/><\/div>\n\t\t<\/a>\n\t\t\t\t<div class=\"elementor-post__text\">\n\t\t\t\t<h3 class=\"elementor-post__title\">\n\t\t\t<a href=\"https:\/\/migjeni.se\/index.php\/2026\/03\/08\/gladiola-jorbus-tregim\/\" >\n\t\t\t\tGladiola Jorbus: Tregim\t\t\t<\/a>\n\t\t<\/h3>\n\t\t\t\t<div class=\"elementor-post__excerpt\">\n\t\t\t<p>Gladiola Jorbus Tregim Gacat e heshtjes A.G. kishte ardhur n\u00eb at\u00eb qytet p\u00ebr nj\u00eb konferenc\u00eb triditore. E mbetur e ve prej pes\u00eb vitesh, nj\u00eb grua me nj\u00eb qet\u00ebsi olimpike, si nj\u00eb liqen n\u00eb dukje i shtruar, brenda t\u00eb cilit vlonin rryma t\u00eb padukshme: kujtime, humbje, d\u00ebshira t\u00eb path\u00ebna dhe nj\u00eb forc\u00eb q\u00eb vet\u00ebm nj\u00eb sy i kujdessh\u00ebm mund ta spikaste.<\/p>\n\t\t<\/div>\n\t\t\n\t\t<a class=\"elementor-post__read-more\" href=\"https:\/\/migjeni.se\/index.php\/2026\/03\/08\/gladiola-jorbus-tregim\/\" aria-label=\"Read more about Gladiola Jorbus: Tregim\" tabindex=\"-1\" >\n\t\t\tLEXO\t\t<\/a>\n\n\t\t\t\t<\/div>\n\t\t\t\t<\/article>\n\t\t\t\t<article class=\"elementor-post elementor-grid-item post-4026 post type-post status-publish format-standard has-post-thumbnail hentry category-proze\">\n\t\t\t\t<a class=\"elementor-post__thumbnail__link\" href=\"https:\/\/migjeni.se\/index.php\/2026\/02\/18\/nga-viron-kona-rrefime-te-ngrohta-dhe-realiste\/\" tabindex=\"-1\" >\n\t\t\t<div class=\"elementor-post__thumbnail\"><img loading=\"lazy\" decoding=\"async\" width=\"300\" height=\"225\" src=\"https:\/\/migjeni.se\/wp-content\/uploads\/2023\/11\/VironKona21-300x225.jpg\" class=\"attachment-medium size-medium wp-image-2314\" alt=\"\" srcset=\"https:\/\/migjeni.se\/wp-content\/uploads\/2023\/11\/VironKona21-300x225.jpg 300w, https:\/\/migjeni.se\/wp-content\/uploads\/2023\/11\/VironKona21.jpg 400w\" sizes=\"(max-width: 300px) 100vw, 300px\" \/><\/div>\n\t\t<\/a>\n\t\t\t\t<div class=\"elementor-post__text\">\n\t\t\t\t<h3 class=\"elementor-post__title\">\n\t\t\t<a href=\"https:\/\/migjeni.se\/index.php\/2026\/02\/18\/nga-viron-kona-rrefime-te-ngrohta-dhe-realiste\/\" >\n\t\t\t\tNga Viron Kona: RR\u00cbFIME T\u00cb NGROHTA DHE REALISTE\t\t\t<\/a>\n\t\t<\/h3>\n\t\t\t\t<div class=\"elementor-post__excerpt\">\n\t\t\t<p>RR\u00cbFIME T\u00cb NGROHTA DHE REALISTE Nga Viron Kona Kam shkruar edhe m\u00eb par\u00eb p\u00ebr\u00a0 shkrimtarin Bashkim Saliasi, p\u00ebr romanin e tij \u201cNe ishim pes\u00eb shok\u00eb\u201d, p\u00ebr monografin\u00eb \u201cDobrusha\u201d, p\u00ebr librin p\u00ebr f\u00ebmij\u00eb \u201cPse gjyshi i lexon librat e mi?\u201d e libra t\u00eb tjer\u00eb, teksa po ndalem k\u00ebsaj here n\u00eb skicat dhe tregimet q\u00eb ky autor p\u00ebrcjell\u00eb te lexuesi n\u00ebp\u00ebrmjet k\u00ebtij<\/p>\n\t\t<\/div>\n\t\t\n\t\t<a class=\"elementor-post__read-more\" href=\"https:\/\/migjeni.se\/index.php\/2026\/02\/18\/nga-viron-kona-rrefime-te-ngrohta-dhe-realiste\/\" aria-label=\"Read more about Nga Viron Kona: RR\u00cbFIME T\u00cb NGROHTA DHE REALISTE\" tabindex=\"-1\" >\n\t\t\tLEXO\t\t<\/a>\n\n\t\t\t\t<\/div>\n\t\t\t\t<\/article>\n\t\t\t\t<article class=\"elementor-post elementor-grid-item post-4011 post type-post status-publish format-standard has-post-thumbnail hentry category-proze\">\n\t\t\t\t<a class=\"elementor-post__thumbnail__link\" href=\"https:\/\/migjeni.se\/index.php\/2026\/02\/10\/fatmir-terziu-hija-e-nje-valleje-tregim\/\" tabindex=\"-1\" >\n\t\t\t<div class=\"elementor-post__thumbnail\"><img loading=\"lazy\" decoding=\"async\" width=\"200\" height=\"300\" src=\"https:\/\/migjeni.se\/wp-content\/uploads\/2026\/02\/621835804_3427434040765870_597553525365461681_n-200x300.jpg\" class=\"attachment-medium size-medium wp-image-3985\" alt=\"\" srcset=\"https:\/\/migjeni.se\/wp-content\/uploads\/2026\/02\/621835804_3427434040765870_597553525365461681_n-200x300.jpg 200w, https:\/\/migjeni.se\/wp-content\/uploads\/2026\/02\/621835804_3427434040765870_597553525365461681_n-683x1024.jpg 683w, https:\/\/migjeni.se\/wp-content\/uploads\/2026\/02\/621835804_3427434040765870_597553525365461681_n-768x1152.jpg 768w, https:\/\/migjeni.se\/wp-content\/uploads\/2026\/02\/621835804_3427434040765870_597553525365461681_n.jpg 1024w\" sizes=\"(max-width: 200px) 100vw, 200px\" \/><\/div>\n\t\t<\/a>\n\t\t\t\t<div class=\"elementor-post__text\">\n\t\t\t\t<h3 class=\"elementor-post__title\">\n\t\t\t<a href=\"https:\/\/migjeni.se\/index.php\/2026\/02\/10\/fatmir-terziu-hija-e-nje-valleje-tregim\/\" >\n\t\t\t\tFatmir Terziu: Hija e nj\u00eb valleje &#8211; Tregim\t\t\t<\/a>\n\t\t<\/h3>\n\t\t\t\t<div class=\"elementor-post__excerpt\">\n\t\t\t<p>Fatmir Terziu Hija e nj\u00eb valleje Tregim Ai ecte pran\u00eb Teatrit \u201eSkampa\u201c me hapa t\u00eb leht\u00eb. Ecte, dhe nuk d\u00ebshironte t\u00eb trazoj\u00eb as gur\u00ebt e rrug\u00ebs. Nata ishte e ftoht\u00eb. Ishte nj\u00eb err\u00ebsir\u00eb jo armiq\u00ebsore. Err\u00ebsira mbante mbi vete nj\u00eb qet\u00ebsi aristokratike. Qepte mbi telajo nj\u00eb heshtje q\u00eb dukej sikur e njihte prej koh\u00ebsh. Llambat e rrug\u00ebs ndri\u00e7onin dob\u00ebt. Fashiteshin<\/p>\n\t\t<\/div>\n\t\t\n\t\t<a class=\"elementor-post__read-more\" href=\"https:\/\/migjeni.se\/index.php\/2026\/02\/10\/fatmir-terziu-hija-e-nje-valleje-tregim\/\" aria-label=\"Read more about Fatmir Terziu: Hija e nj\u00eb valleje &#8211; Tregim\" tabindex=\"-1\" >\n\t\t\tLEXO\t\t<\/a>\n\n\t\t\t\t<\/div>\n\t\t\t\t<\/article>\n\t\t\t\t<article class=\"elementor-post elementor-grid-item post-3992 post type-post status-publish format-standard has-post-thumbnail hentry category-proze\">\n\t\t\t\t<a class=\"elementor-post__thumbnail__link\" href=\"https:\/\/migjeni.se\/index.php\/2026\/02\/06\/fatmir-terziu-tregim\/\" tabindex=\"-1\" >\n\t\t\t<div class=\"elementor-post__thumbnail\"><img loading=\"lazy\" decoding=\"async\" width=\"200\" height=\"300\" src=\"https:\/\/migjeni.se\/wp-content\/uploads\/2026\/02\/621835804_3427434040765870_597553525365461681_n-200x300.jpg\" class=\"attachment-medium size-medium wp-image-3985\" alt=\"\" srcset=\"https:\/\/migjeni.se\/wp-content\/uploads\/2026\/02\/621835804_3427434040765870_597553525365461681_n-200x300.jpg 200w, https:\/\/migjeni.se\/wp-content\/uploads\/2026\/02\/621835804_3427434040765870_597553525365461681_n-683x1024.jpg 683w, https:\/\/migjeni.se\/wp-content\/uploads\/2026\/02\/621835804_3427434040765870_597553525365461681_n-768x1152.jpg 768w, https:\/\/migjeni.se\/wp-content\/uploads\/2026\/02\/621835804_3427434040765870_597553525365461681_n.jpg 1024w\" sizes=\"(max-width: 200px) 100vw, 200px\" \/><\/div>\n\t\t<\/a>\n\t\t\t\t<div class=\"elementor-post__text\">\n\t\t\t\t<h3 class=\"elementor-post__title\">\n\t\t\t<a href=\"https:\/\/migjeni.se\/index.php\/2026\/02\/06\/fatmir-terziu-tregim\/\" >\n\t\t\t\tFatmir Terziu -tregim\t\t\t<\/a>\n\t\t<\/h3>\n\t\t\t\t<div class=\"elementor-post__excerpt\">\n\t\t\t<p>Fatmir Terziu \u00a0 \u00a0 \u00a0 \u00a0 \u00a0 \u00a0 \u00a0 \u00a0 \u00a0 \u00a0 \u00a0 \u00a0 \u00a0 \u00a0 \u00a0 \u00a0 \u00a0 \u00a0 \u00a0 \u00a0 \u00a0 \u00a0 \u00a0 \u00a0 \u00a0 \u00a0 \u00a0 \u00a0 \u00a0 \u00a0 \u00a0 \u00a0 \u00a0 \u00a0 \u00a0 \u00a0 \u00a0 \u00a0 Dashuria \u00a0 \u00a0 \u00a0 \u00a0 \u00a0 \u00a0 \u00a0 \u00a0 \u00a0 \u00a0 \u00a0 \u00a0 \u00a0 \u00a0 \u00a0 \u00a0 \u00a0 \u00a0 \u00a0<\/p>\n\t\t<\/div>\n\t\t\n\t\t<a class=\"elementor-post__read-more\" href=\"https:\/\/migjeni.se\/index.php\/2026\/02\/06\/fatmir-terziu-tregim\/\" aria-label=\"Read more about Fatmir Terziu -tregim\" tabindex=\"-1\" >\n\t\t\tLEXO\t\t<\/a>\n\n\t\t\t\t<\/div>\n\t\t\t\t<\/article>\n\t\t\t\t<article class=\"elementor-post elementor-grid-item post-3984 post type-post status-publish format-standard has-post-thumbnail hentry category-proze\">\n\t\t\t\t<a class=\"elementor-post__thumbnail__link\" href=\"https:\/\/migjeni.se\/index.php\/2026\/02\/04\/fatmir-terziutregim\/\" tabindex=\"-1\" >\n\t\t\t<div class=\"elementor-post__thumbnail\"><img loading=\"lazy\" decoding=\"async\" width=\"200\" height=\"300\" src=\"https:\/\/migjeni.se\/wp-content\/uploads\/2026\/02\/621835804_3427434040765870_597553525365461681_n-200x300.jpg\" class=\"attachment-medium size-medium wp-image-3985\" alt=\"\" srcset=\"https:\/\/migjeni.se\/wp-content\/uploads\/2026\/02\/621835804_3427434040765870_597553525365461681_n-200x300.jpg 200w, https:\/\/migjeni.se\/wp-content\/uploads\/2026\/02\/621835804_3427434040765870_597553525365461681_n-683x1024.jpg 683w, https:\/\/migjeni.se\/wp-content\/uploads\/2026\/02\/621835804_3427434040765870_597553525365461681_n-768x1152.jpg 768w, https:\/\/migjeni.se\/wp-content\/uploads\/2026\/02\/621835804_3427434040765870_597553525365461681_n.jpg 1024w\" sizes=\"(max-width: 200px) 100vw, 200px\" \/><\/div>\n\t\t<\/a>\n\t\t\t\t<div class=\"elementor-post__text\">\n\t\t\t\t<h3 class=\"elementor-post__title\">\n\t\t\t<a href=\"https:\/\/migjeni.se\/index.php\/2026\/02\/04\/fatmir-terziutregim\/\" >\n\t\t\t\tFatmir Terziu:Tregim\t\t\t<\/a>\n\t\t<\/h3>\n\t\t\t\t<div class=\"elementor-post__excerpt\">\n\t\t\t<p>Fatmir Terziu Kuvend Tregim Pse ai mblodhi frutat e hedhura, t\u00eb pakt\u00ebn n\u00eb fillim askush nuk e kuptoi. I priste pran\u00eb koshit t\u00eb plehrave me nj\u00eb kujdes t\u00eb pashpjeguesh\u00ebm. I mblidhte me kujdes, si t\u00eb ishin dhurata t\u00eb rralla q\u00eb rrezikonin t\u00eb shkeleshin nga k\u00ebmb\u00eb t\u00eb padurueshme. I zgjidhte pa fjal\u00eb. Pa d\u00ebshmitar\u00eb. Pastaj i fuste menj\u00ebher\u00eb n\u00eb bodrumin ku<\/p>\n\t\t<\/div>\n\t\t\n\t\t<a class=\"elementor-post__read-more\" href=\"https:\/\/migjeni.se\/index.php\/2026\/02\/04\/fatmir-terziutregim\/\" aria-label=\"Read more about Fatmir Terziu:Tregim\" tabindex=\"-1\" >\n\t\t\tLEXO\t\t<\/a>\n\n\t\t\t\t<\/div>\n\t\t\t\t<\/article>\n\t\t\t\t<article class=\"elementor-post elementor-grid-item post-3981 post type-post status-publish format-standard has-post-thumbnail hentry category-proze\">\n\t\t\t\t<a class=\"elementor-post__thumbnail__link\" href=\"https:\/\/migjeni.se\/index.php\/2026\/02\/04\/elvira-zeneli-bujaria-eshte-e-bukur\/\" tabindex=\"-1\" >\n\t\t\t<div class=\"elementor-post__thumbnail\"><img loading=\"lazy\" decoding=\"async\" width=\"240\" height=\"300\" src=\"https:\/\/migjeni.se\/wp-content\/uploads\/2026\/02\/a65b5de4-51fe-496c-8e6c-623ffc88b4fe-240x300.jpg\" class=\"attachment-medium size-medium wp-image-3982\" alt=\"\" srcset=\"https:\/\/migjeni.se\/wp-content\/uploads\/2026\/02\/a65b5de4-51fe-496c-8e6c-623ffc88b4fe-240x300.jpg 240w, https:\/\/migjeni.se\/wp-content\/uploads\/2026\/02\/a65b5de4-51fe-496c-8e6c-623ffc88b4fe-819x1024.jpg 819w, https:\/\/migjeni.se\/wp-content\/uploads\/2026\/02\/a65b5de4-51fe-496c-8e6c-623ffc88b4fe-768x960.jpg 768w, https:\/\/migjeni.se\/wp-content\/uploads\/2026\/02\/a65b5de4-51fe-496c-8e6c-623ffc88b4fe.jpg 1080w\" sizes=\"(max-width: 240px) 100vw, 240px\" \/><\/div>\n\t\t<\/a>\n\t\t\t\t<div class=\"elementor-post__text\">\n\t\t\t\t<h3 class=\"elementor-post__title\">\n\t\t\t<a href=\"https:\/\/migjeni.se\/index.php\/2026\/02\/04\/elvira-zeneli-bujaria-eshte-e-bukur\/\" >\n\t\t\t\tElvira Zeneli: Bujaria \u00ebsht\u00eb e bukur\t\t\t<\/a>\n\t\t<\/h3>\n\t\t\t\t<div class=\"elementor-post__excerpt\">\n\t\t\t<p>Elvira Zeneli Bujaria \u00ebsht\u00eb e bukur T\u00eb gjith\u00eb nx\u00ebn\u00ebsit ishin n\u00eb oborr gjat\u00eb pushimit t\u00eb madh. Arti, Sonila, Rea, Agroni dhe Besmiri po diskutonin p\u00ebr dit\u00eblindjet e tyre, me k\u00eb do t\u2019i festonin dhe ku do t\u00eb shkonin. \u2014 Prisni nj\u00ebher\u00eb, sepse pasnes\u00ebr e kam un\u00eb dit\u00eblindjen \u2014 u hodh e foli Arti. \u2014 Po mir\u00eb, more Arti \u2014 i<\/p>\n\t\t<\/div>\n\t\t\n\t\t<a class=\"elementor-post__read-more\" href=\"https:\/\/migjeni.se\/index.php\/2026\/02\/04\/elvira-zeneli-bujaria-eshte-e-bukur\/\" aria-label=\"Read more about Elvira Zeneli: Bujaria \u00ebsht\u00eb e bukur\" tabindex=\"-1\" >\n\t\t\tLEXO\t\t<\/a>\n\n\t\t\t\t<\/div>\n\t\t\t\t<\/article>\n\t\t\t\t<article class=\"elementor-post elementor-grid-item post-3917 post type-post status-publish format-standard has-post-thumbnail hentry category-proze\">\n\t\t\t\t<a class=\"elementor-post__thumbnail__link\" href=\"https:\/\/migjeni.se\/index.php\/2026\/01\/12\/tregim-nga-petrit-malushi-gjinia-e-emrit\/\" tabindex=\"-1\" >\n\t\t\t<div class=\"elementor-post__thumbnail\"><img loading=\"lazy\" decoding=\"async\" width=\"200\" height=\"300\" src=\"https:\/\/migjeni.se\/wp-content\/uploads\/2025\/09\/petriti-foto-200x300.jpg\" class=\"attachment-medium size-medium wp-image-3404\" alt=\"\" srcset=\"https:\/\/migjeni.se\/wp-content\/uploads\/2025\/09\/petriti-foto-200x300.jpg 200w, https:\/\/migjeni.se\/wp-content\/uploads\/2025\/09\/petriti-foto-683x1024.jpg 683w, https:\/\/migjeni.se\/wp-content\/uploads\/2025\/09\/petriti-foto-768x1152.jpg 768w, https:\/\/migjeni.se\/wp-content\/uploads\/2025\/09\/petriti-foto-1024x1536.jpg 1024w, https:\/\/migjeni.se\/wp-content\/uploads\/2025\/09\/petriti-foto-1365x2048.jpg 1365w, https:\/\/migjeni.se\/wp-content\/uploads\/2025\/09\/petriti-foto-scaled.jpg 1707w\" sizes=\"(max-width: 200px) 100vw, 200px\" \/><\/div>\n\t\t<\/a>\n\t\t\t\t<div class=\"elementor-post__text\">\n\t\t\t\t<h3 class=\"elementor-post__title\">\n\t\t\t<a href=\"https:\/\/migjeni.se\/index.php\/2026\/01\/12\/tregim-nga-petrit-malushi-gjinia-e-emrit\/\" >\n\t\t\t\tTregim nga Petrit Malushi \u201eGjinia e emrit ?!\u201c\t\t\t<\/a>\n\t\t<\/h3>\n\t\t\t\t<div class=\"elementor-post__excerpt\">\n\t\t\t<p>Nga Petrit Malushi \u201eGjinia e emrit ?!\u201c Ra zilja. Filloi ora e tret\u00eb. Kisha m\u00ebsim me klas\u00ebn 11-A. Me regjist\u00ebr n\u00eb dor\u00eb dola nga salla e m\u00ebsuesve, q\u00eb ndodhej n\u00eb katin e par\u00eb t\u00eb nd\u00ebrtes\u00ebs trekat\u00ebshe. Hyra n\u00eb klas\u00eb. P\u00ebrsh\u00ebndeta. U ula n\u00eb kated\u00ebr. Fillova apelin. Kontrollova detyrat e sht\u00ebpis\u00eb. Pyeta tre-kat\u00ebr nx\u00ebn\u00ebs p\u00ebr kontroll t\u00eb p\u00ebrgjithsh\u00ebm. Dy t\u00eb tjer\u00eb<\/p>\n\t\t<\/div>\n\t\t\n\t\t<a class=\"elementor-post__read-more\" href=\"https:\/\/migjeni.se\/index.php\/2026\/01\/12\/tregim-nga-petrit-malushi-gjinia-e-emrit\/\" aria-label=\"Read more about Tregim nga Petrit Malushi \u201eGjinia e emrit ?!\u201c\" tabindex=\"-1\" >\n\t\t\tLEXO\t\t<\/a>\n\n\t\t\t\t<\/div>\n\t\t\t\t<\/article>\n\t\t\t\t<\/div>\n\t\t\n\t\t\t\t<div class=\"e-load-more-anchor\" data-page=\"1\" data-max-page=\"4\" data-next-page=\"https:\/\/migjeni.se\/index.php\/wp-json\/wp\/v2\/pages\/1345\/page\/2\/\"><\/div>\n\t\t\t\t<nav class=\"elementor-pagination\" aria-label=\"Pagination\">\n\t\t\t<span aria-current=\"page\" class=\"page-numbers current\"><span class=\"elementor-screen-only\">Page<\/span>1<\/span>\n<a class=\"page-numbers\" href=\"https:\/\/migjeni.se\/index.php\/wp-json\/wp\/v2\/pages\/1345\/page\/2\/\"><span class=\"elementor-screen-only\">Page<\/span>2<\/a>\n<a class=\"page-numbers\" href=\"https:\/\/migjeni.se\/index.php\/wp-json\/wp\/v2\/pages\/1345\/page\/3\/\"><span class=\"elementor-screen-only\">Page<\/span>3<\/a>\n<a class=\"page-numbers\" href=\"https:\/\/migjeni.se\/index.php\/wp-json\/wp\/v2\/pages\/1345\/page\/4\/\"><span class=\"elementor-screen-only\">Page<\/span>4<\/a>\t\t<\/nav>\n\t\t\t\t\t\t<\/div>\n\t\t\t\t<\/div>\n\t\t\t\t\t<\/div>\n\t\t<\/div>\n\t\t\t\t<div class=\"elementor-column elementor-col-50 elementor-top-column elementor-element elementor-element-3977a3b0\" data-id=\"3977a3b0\" data-element_type=\"column\" data-settings=\"{&quot;background_background&quot;:&quot;classic&quot;}\">\n\t\t\t<div class=\"elementor-widget-wrap elementor-element-populated\">\n\t\t\t\t<div class=\"elementor-element elementor-element-f1dc00e e-flex e-con-boxed e-con e-parent\" data-id=\"f1dc00e\" data-element_type=\"container\" data-settings=\"{&quot;background_background&quot;:&quot;classic&quot;}\">\n\t\t\t\t\t<div class=\"e-con-inner\">\n\t\t\t\t<div class=\"elementor-element elementor-element-7292431 elementor-search-form--skin-classic elementor-search-form--button-type-icon elementor-search-form--icon-search elementor-widget elementor-widget-search-form\" data-id=\"7292431\" data-element_type=\"widget\" data-settings=\"{&quot;skin&quot;:&quot;classic&quot;}\" data-widget_type=\"search-form.default\">\n\t\t\t\t<div class=\"elementor-widget-container\">\n\t\t\t\t\t\t\t<search role=\"search\">\n\t\t\t<form class=\"elementor-search-form\" action=\"https:\/\/migjeni.se\" method=\"get\">\n\t\t\t\t\t\t\t\t\t\t\t\t<div class=\"elementor-search-form__container\">\n\t\t\t\t\t<label class=\"elementor-screen-only\" for=\"elementor-search-form-7292431\">Search<\/label>\n\n\t\t\t\t\t\n\t\t\t\t\t<input id=\"elementor-search-form-7292431\" placeholder=\"K\u00ebrko...\" class=\"elementor-search-form__input\" type=\"search\" name=\"s\" value=\"\">\n\t\t\t\t\t\n\t\t\t\t\t\t\t\t\t\t\t<button class=\"elementor-search-form__submit\" type=\"submit\" aria-label=\"Search\">\n\t\t\t\t\t\t\t\t\t\t\t\t\t\t\t<div class=\"e-font-icon-svg-container\"><svg class=\"fa fa-search e-font-icon-svg e-fas-search\" viewBox=\"0 0 512 512\" xmlns=\"http:\/\/www.w3.org\/2000\/svg\"><path d=\"M505 442.7L405.3 343c-4.5-4.5-10.6-7-17-7H372c27.6-35.3 44-79.7 44-128C416 93.1 322.9 0 208 0S0 93.1 0 208s93.1 208 208 208c48.3 0 92.7-16.4 128-44v16.3c0 6.4 2.5 12.5 7 17l99.7 99.7c9.4 9.4 24.6 9.4 33.9 0l28.3-28.3c9.4-9.4 9.4-24.6.1-34zM208 336c-70.7 0-128-57.2-128-128 0-70.7 57.2-128 128-128 70.7 0 128 57.2 128 128 0 70.7-57.2 128-128 128z\"><\/path><\/svg><\/div>\t\t\t\t\t\t\t\t\t\t\t\t\t<\/button>\n\t\t\t\t\t\n\t\t\t\t\t\t\t\t\t<\/div>\n\t\t\t<\/form>\n\t\t<\/search>\n\t\t\t\t\t\t<\/div>\n\t\t\t\t<\/div>\n\t\t\t\t<div class=\"elementor-element elementor-element-5e1186b elementor-widget-divider--view-line elementor-widget elementor-widget-divider\" data-id=\"5e1186b\" data-element_type=\"widget\" data-widget_type=\"divider.default\">\n\t\t\t\t<div class=\"elementor-widget-container\">\n\t\t\t\t\t\t\t<div class=\"elementor-divider\">\n\t\t\t<span class=\"elementor-divider-separator\">\n\t\t\t\t\t\t<\/span>\n\t\t<\/div>\n\t\t\t\t\t\t<\/div>\n\t\t\t\t<\/div>\n\t\t\t\t<div class=\"elementor-element elementor-element-08c30bc elementor-widget elementor-widget-heading\" data-id=\"08c30bc\" data-element_type=\"widget\" data-widget_type=\"heading.default\">\n\t\t\t\t<div class=\"elementor-widget-container\">\n\t\t\t\t\t<h3 class=\"elementor-heading-title elementor-size-default\">KATEGORIT\u00cb<\/h3>\t\t\t\t<\/div>\n\t\t\t\t<\/div>\n\t\t\t\t<div class=\"elementor-element elementor-element-69742aa elementor-nav-menu--dropdown-tablet elementor-nav-menu__text-align-aside elementor-widget elementor-widget-nav-menu\" data-id=\"69742aa\" data-element_type=\"widget\" data-settings=\"{&quot;layout&quot;:&quot;vertical&quot;,&quot;submenu_icon&quot;:{&quot;value&quot;:&quot;&lt;svg class=\\&quot;e-font-icon-svg e-fas-caret-down\\&quot; viewBox=\\&quot;0 0 320 512\\&quot; xmlns=\\&quot;http:\\\/\\\/www.w3.org\\\/2000\\\/svg\\&quot;&gt;&lt;path d=\\&quot;M31.3 192h257.3c17.8 0 26.7 21.5 14.1 34.1L174.1 354.8c-7.8 7.8-20.5 7.8-28.3 0L17.2 226.1C4.6 213.5 13.5 192 31.3 192z\\&quot;&gt;&lt;\\\/path&gt;&lt;\\\/svg&gt;&quot;,&quot;library&quot;:&quot;fa-solid&quot;}}\" data-widget_type=\"nav-menu.default\">\n\t\t\t\t<div class=\"elementor-widget-container\">\n\t\t\t\t\t\t\t\t<nav aria-label=\"Menu\" class=\"elementor-nav-menu--main elementor-nav-menu__container elementor-nav-menu--layout-vertical e--pointer-none\">\n\t\t\t\t<ul id=\"menu-1-69742aa\" class=\"elementor-nav-menu sm-vertical\"><li class=\"menu-item menu-item-type-post_type menu-item-object-page menu-item-1308\"><a href=\"https:\/\/migjeni.se\/index.php\/lajme\/\" class=\"elementor-item\">Lajme<\/a><\/li>\n<li class=\"menu-item menu-item-type-post_type menu-item-object-page menu-item-1235\"><a href=\"https:\/\/migjeni.se\/index.php\/botime-te-reja\/\" class=\"elementor-item\">Botime t\u00eb reja<\/a><\/li>\n<li class=\"menu-item menu-item-type-post_type menu-item-object-page menu-item-1299\"><a href=\"https:\/\/migjeni.se\/index.php\/debate\/\" class=\"elementor-item\">Debate<\/a><\/li>\n<li class=\"menu-item menu-item-type-post_type menu-item-object-page menu-item-1317\"><a href=\"https:\/\/migjeni.se\/index.php\/intervista\/\" class=\"elementor-item\">Intervista<\/a><\/li>\n<li class=\"menu-item menu-item-type-post_type menu-item-object-page menu-item-1326\"><a href=\"https:\/\/migjeni.se\/index.php\/opinione\/\" class=\"elementor-item\">Opinione<\/a><\/li>\n<li class=\"menu-item menu-item-type-post_type menu-item-object-page menu-item-1335\"><a href=\"https:\/\/migjeni.se\/index.php\/per-femije\/\" class=\"elementor-item\">P\u00ebr f\u00ebmij\u00eb<\/a><\/li>\n<li class=\"menu-item menu-item-type-post_type menu-item-object-page menu-item-1344\"><a href=\"https:\/\/migjeni.se\/index.php\/poezi\/\" class=\"elementor-item\">Poezi<\/a><\/li>\n<li class=\"menu-item menu-item-type-post_type menu-item-object-page menu-item-1353\"><a href=\"https:\/\/migjeni.se\/index.php\/proze\/\" class=\"elementor-item\">Proz\u00eb<\/a><\/li>\n<li class=\"menu-item menu-item-type-post_type menu-item-object-page menu-item-2622\"><a href=\"https:\/\/migjeni.se\/index.php\/botimet-e-anetareve-te-qksh-migjeni\/\" class=\"elementor-item\">Botimet e an\u00ebtar\u00ebve t\u00eb QKSH Migjeni<\/a><\/li>\n<\/ul>\t\t\t<\/nav>\n\t\t\t\t\t\t<nav class=\"elementor-nav-menu--dropdown elementor-nav-menu__container\" aria-hidden=\"true\">\n\t\t\t\t<ul id=\"menu-2-69742aa\" class=\"elementor-nav-menu sm-vertical\"><li class=\"menu-item menu-item-type-post_type menu-item-object-page menu-item-1308\"><a href=\"https:\/\/migjeni.se\/index.php\/lajme\/\" class=\"elementor-item\" tabindex=\"-1\">Lajme<\/a><\/li>\n<li class=\"menu-item menu-item-type-post_type menu-item-object-page menu-item-1235\"><a href=\"https:\/\/migjeni.se\/index.php\/botime-te-reja\/\" class=\"elementor-item\" tabindex=\"-1\">Botime t\u00eb reja<\/a><\/li>\n<li class=\"menu-item menu-item-type-post_type menu-item-object-page menu-item-1299\"><a href=\"https:\/\/migjeni.se\/index.php\/debate\/\" class=\"elementor-item\" tabindex=\"-1\">Debate<\/a><\/li>\n<li class=\"menu-item menu-item-type-post_type menu-item-object-page menu-item-1317\"><a href=\"https:\/\/migjeni.se\/index.php\/intervista\/\" class=\"elementor-item\" tabindex=\"-1\">Intervista<\/a><\/li>\n<li class=\"menu-item menu-item-type-post_type menu-item-object-page menu-item-1326\"><a href=\"https:\/\/migjeni.se\/index.php\/opinione\/\" class=\"elementor-item\" tabindex=\"-1\">Opinione<\/a><\/li>\n<li class=\"menu-item menu-item-type-post_type menu-item-object-page menu-item-1335\"><a href=\"https:\/\/migjeni.se\/index.php\/per-femije\/\" class=\"elementor-item\" tabindex=\"-1\">P\u00ebr f\u00ebmij\u00eb<\/a><\/li>\n<li class=\"menu-item menu-item-type-post_type menu-item-object-page menu-item-1344\"><a href=\"https:\/\/migjeni.se\/index.php\/poezi\/\" class=\"elementor-item\" tabindex=\"-1\">Poezi<\/a><\/li>\n<li class=\"menu-item menu-item-type-post_type menu-item-object-page menu-item-1353\"><a href=\"https:\/\/migjeni.se\/index.php\/proze\/\" class=\"elementor-item\" tabindex=\"-1\">Proz\u00eb<\/a><\/li>\n<li class=\"menu-item menu-item-type-post_type menu-item-object-page menu-item-2622\"><a href=\"https:\/\/migjeni.se\/index.php\/botimet-e-anetareve-te-qksh-migjeni\/\" class=\"elementor-item\" tabindex=\"-1\">Botimet e an\u00ebtar\u00ebve t\u00eb QKSH Migjeni<\/a><\/li>\n<\/ul>\t\t\t<\/nav>\n\t\t\t\t\t\t<\/div>\n\t\t\t\t<\/div>\n\t\t\t\t<div class=\"elementor-element elementor-element-e5723d5 elementor-widget-divider--view-line elementor-widget elementor-widget-divider\" data-id=\"e5723d5\" data-element_type=\"widget\" data-widget_type=\"divider.default\">\n\t\t\t\t<div class=\"elementor-widget-container\">\n\t\t\t\t\t\t\t<div class=\"elementor-divider\">\n\t\t\t<span class=\"elementor-divider-separator\">\n\t\t\t\t\t\t<\/span>\n\t\t<\/div>\n\t\t\t\t\t\t<\/div>\n\t\t\t\t<\/div>\n\t\t\t\t<div class=\"elementor-element elementor-element-62f7cd5 elementor-widget elementor-widget-heading\" data-id=\"62f7cd5\" data-element_type=\"widget\" data-widget_type=\"heading.default\">\n\t\t\t\t<div class=\"elementor-widget-container\">\n\t\t\t\t\t<h3 class=\"elementor-heading-title elementor-size-default\">Postimet e fundit<\/h3>\t\t\t\t<\/div>\n\t\t\t\t<\/div>\n\t\t\t\t<div class=\"elementor-element elementor-element-741595a elementor-widget-divider--view-line elementor-widget elementor-widget-divider\" data-id=\"741595a\" data-element_type=\"widget\" data-widget_type=\"divider.default\">\n\t\t\t\t<div class=\"elementor-widget-container\">\n\t\t\t\t\t\t\t<div class=\"elementor-divider\">\n\t\t\t<span class=\"elementor-divider-separator\">\n\t\t\t\t\t\t<\/span>\n\t\t<\/div>\n\t\t\t\t\t\t<\/div>\n\t\t\t\t<\/div>\n\t\t\t\t\t<\/div>\n\t\t\t\t<\/div>\n\t\t\t\t<div class=\"elementor-element elementor-element-ad9328c elementor-grid-1 elementor-grid-tablet-1 elementor-posts--thumbnail-none elementor-widget__width-initial elementor-grid-mobile-1 elementor-widget elementor-widget-posts\" data-id=\"ad9328c\" data-element_type=\"widget\" data-settings=\"{&quot;classic_columns&quot;:&quot;1&quot;,&quot;classic_row_gap&quot;:{&quot;unit&quot;:&quot;px&quot;,&quot;size&quot;:30,&quot;sizes&quot;:[]},&quot;classic_columns_tablet&quot;:&quot;1&quot;,&quot;classic_columns_mobile&quot;:&quot;1&quot;,&quot;classic_row_gap_tablet&quot;:{&quot;unit&quot;:&quot;px&quot;,&quot;size&quot;:&quot;&quot;,&quot;sizes&quot;:[]},&quot;classic_row_gap_mobile&quot;:{&quot;unit&quot;:&quot;px&quot;,&quot;size&quot;:&quot;&quot;,&quot;sizes&quot;:[]}}\" data-widget_type=\"posts.classic\">\n\t\t\t\t<div class=\"elementor-widget-container\">\n\t\t\t\t\t\t\t<div class=\"elementor-posts-container elementor-posts elementor-posts--skin-classic elementor-grid\">\n\t\t\t\t<article class=\"elementor-post elementor-grid-item post-4203 post type-post status-publish format-standard has-post-thumbnail hentry category-poezi\">\n\t\t\t\t<div class=\"elementor-post__text\">\n\t\t\t\t<h3 class=\"elementor-post__title\">\n\t\t\t<a href=\"https:\/\/migjeni.se\/index.php\/2026\/05\/03\/e-diela-poetike-me-mirushe-h-musa\/\" >\n\t\t\t\tE diela poetike me Mirushe H.Musa\t\t\t<\/a>\n\t\t<\/h3>\n\t\t\t\t<div class=\"elementor-post__excerpt\">\n\t\t\t<p>Mirushe H.Musa N\u00eb shtratin e Vargjeve Sa her\u00eb shpalos kujtimet<\/p>\n\t\t<\/div>\n\t\t\t\t<\/div>\n\t\t\t\t<\/article>\n\t\t\t\t<article class=\"elementor-post elementor-grid-item post-4198 post type-post status-publish format-standard has-post-thumbnail hentry category-proze\">\n\t\t\t\t<div class=\"elementor-post__text\">\n\t\t\t\t<h3 class=\"elementor-post__title\">\n\t\t\t<a href=\"https:\/\/migjeni.se\/index.php\/2026\/05\/01\/shkruar-nga-dr-shpresa-fundo-gjergjiese-kapiteni-i-dashurise-dhe-legjenda-e-ishullit-te-sazanit\/\" >\n\t\t\t\tShkruar nga Dr. Shpresa Fundo Gjergji:ESE \u2013 Kapiteni i Dashuris\u00eb dhe \u201cLegjenda e Ishullit t\u00eb Sazanit\u201d\t\t\t<\/a>\n\t\t<\/h3>\n\t\t\t\t<div class=\"elementor-post__excerpt\">\n\t\t\t<p>ESE \u2013 Kapiteni i Dashuris\u00eb dhe \u201cLegjenda e Ishullit t\u00eb<\/p>\n\t\t<\/div>\n\t\t\t\t<\/div>\n\t\t\t\t<\/article>\n\t\t\t\t<article class=\"elementor-post elementor-grid-item post-4195 post type-post status-publish format-standard has-post-thumbnail hentry category-botime-te-reja\">\n\t\t\t\t<div class=\"elementor-post__text\">\n\t\t\t\t<h3 class=\"elementor-post__title\">\n\t\t\t<a href=\"https:\/\/migjeni.se\/index.php\/2026\/04\/30\/begzad-baliu-skenderbeu-ndermjet-barletit-dhe-zanoviq-it-nga-historiografi-humaniste-ne-model-konceptual-iluminist\/\" >\n\t\t\t\tBegzad Baliu  SK\u00cbNDERBEU ND\u00cbRMJET BARLETIT DHE ZANOVIQ-IT: NGA HISTORIOGRAFI HUMANISTE N\u00cb MODEL KONCEPTUAL ILUMINIST\t\t\t<\/a>\n\t\t<\/h3>\n\t\t\t\t<div class=\"elementor-post__excerpt\">\n\t\t\t<p>&nbsp; Begzad Baliu SK\u00cbNDERBEU ND\u00cbRMJET BARLETIT DHE ZANOVIQ-IT: NGA HISTORIOGRAFI<\/p>\n\t\t<\/div>\n\t\t\t\t<\/div>\n\t\t\t\t<\/article>\n\t\t\t\t<article class=\"elementor-post elementor-grid-item post-4192 post type-post status-publish format-standard has-post-thumbnail hentry category-poezi\">\n\t\t\t\t<div class=\"elementor-post__text\">\n\t\t\t\t<h3 class=\"elementor-post__title\">\n\t\t\t<a href=\"https:\/\/migjeni.se\/index.php\/2026\/04\/29\/pasdite-poetike-me-elvira-zeneli-2\/\" >\n\t\t\t\tPasdite poetike me Elvira Zeneli\t\t\t<\/a>\n\t\t<\/h3>\n\t\t\t\t<div class=\"elementor-post__excerpt\">\n\t\t\t<p>Elvira Zeneli Frym\u00eb p\u00ebr t\u00eb Dy Nj\u00eb mal me vargje<\/p>\n\t\t<\/div>\n\t\t\t\t<\/div>\n\t\t\t\t<\/article>\n\t\t\t\t<article class=\"elementor-post elementor-grid-item post-4189 post type-post status-publish format-standard has-post-thumbnail hentry category-poezi\">\n\t\t\t\t<div class=\"elementor-post__text\">\n\t\t\t\t<h3 class=\"elementor-post__title\">\n\t\t\t<a href=\"https:\/\/migjeni.se\/index.php\/2026\/04\/24\/caste-peotike-me-albert-habazaj\/\" >\n\t\t\t\tCaste peotike me Albert HABAZAJ\t\t\t<\/a>\n\t\t<\/h3>\n\t\t\t\t<div class=\"elementor-post__excerpt\">\n\t\t\t<p>TAKOVA ROBERT GORON Albert HABAZAJ N\u00eb Skel\u00eb p\u00ebrhumbur ecja, si<\/p>\n\t\t<\/div>\n\t\t\t\t<\/div>\n\t\t\t\t<\/article>\n\t\t\t\t<article class=\"elementor-post elementor-grid-item post-4187 post type-post status-publish format-standard has-post-thumbnail hentry category-botime-te-reja\">\n\t\t\t\t<div class=\"elementor-post__text\">\n\t\t\t\t<h3 class=\"elementor-post__title\">\n\t\t\t<a href=\"https:\/\/migjeni.se\/index.php\/2026\/04\/24\/rizah-sheqiri-promovime-dy-libra-ne-proze-nga-sevdail-zejnullahu\/\" >\n\t\t\t\tRizah Sheqiri PROMOVIME: DY LIBRA N\u00cb PROZ\u00cb NGA SEVDAIL ZEJNULLAHU\t\t\t<\/a>\n\t\t<\/h3>\n\t\t\t\t<div class=\"elementor-post__excerpt\">\n\t\t\t<p>Rizah Sheqiri PROMOVIME: DY LIBRA N\u00cb PROZ\u00cb NGA SEVDAIL ZEJNULLAHU<\/p>\n\t\t<\/div>\n\t\t\t\t<\/div>\n\t\t\t\t<\/article>\n\t\t\t\t<article class=\"elementor-post elementor-grid-item post-4185 post type-post status-publish format-standard has-post-thumbnail hentry category-botime-te-reja\">\n\t\t\t\t<div class=\"elementor-post__text\">\n\t\t\t\t<h3 class=\"elementor-post__title\">\n\t\t\t<a href=\"https:\/\/migjeni.se\/index.php\/2026\/04\/24\/rizah-sheqiri-midis-dallgeve-te-detit-ne-barken-pa-lopata\/\" >\n\t\t\t\tRizah Sheqiri: Midis dallg\u00ebve t\u00eb detit\u00a0 n\u00eb bark\u00ebn pa lopata\t\t\t<\/a>\n\t\t<\/h3>\n\t\t\t\t<div class=\"elementor-post__excerpt\">\n\t\t\t<p>Rizah Sheqiri: Midis dallg\u00ebve t\u00eb detit\u00a0 n\u00eb bark\u00ebn pa lopata<\/p>\n\t\t<\/div>\n\t\t\t\t<\/div>\n\t\t\t\t<\/article>\n\t\t\t\t<article class=\"elementor-post elementor-grid-item post-4183 post type-post status-publish format-standard has-post-thumbnail hentry category-opinione\">\n\t\t\t\t<div class=\"elementor-post__text\">\n\t\t\t\t<h3 class=\"elementor-post__title\">\n\t\t\t<a href=\"https:\/\/migjeni.se\/index.php\/2026\/04\/24\/sokol-demaku-eshte-nje-dite-e-nxehte-vere-e-vitit-1992\/\" >\n\t\t\t\tSokol Demaku:\u00a0\u00a0\u00a0\u00cbsht\u00eb nj\u00eb dit\u00eb e nxeht\u00eb vere e vitit 1992\u2026\t\t\t<\/a>\n\t\t<\/h3>\n\t\t\t\t<div class=\"elementor-post__excerpt\">\n\t\t\t<p>Sokol Demaku N\u00eb kujtim t\u00eb shkrimtarit, romansierit, kritikut letrar shqiptar<\/p>\n\t\t<\/div>\n\t\t\t\t<\/div>\n\t\t\t\t<\/article>\n\t\t\t\t<\/div>\n\t\t\n\t\t\t\t\t\t<\/div>\n\t\t\t\t<\/div>\n\t\t\t\t\t<\/div>\n\t\t<\/div>\n\t\t\t\t\t<\/div>\n\t\t<\/section>\n\t\t<div class=\"elementor-element elementor-element-36783940 e-flex e-con-boxed e-con e-parent\" data-id=\"36783940\" data-element_type=\"container\" data-settings=\"{&quot;background_background&quot;:&quot;classic&quot;}\">\n\t\t\t\t\t<div class=\"e-con-inner\">\n\t\t\t\t<div class=\"elementor-element elementor-element-1ace8927 elementor-widget elementor-widget-heading\" data-id=\"1ace8927\" data-element_type=\"widget\" data-widget_type=\"heading.default\">\n\t\t\t\t<div class=\"elementor-widget-container\">\n\t\t\t\t\t<p class=\"elementor-heading-title elementor-size-default\">\u00a9 2026 All Rights Reserved.<\/p>\t\t\t\t<\/div>\n\t\t\t\t<\/div>\n\t\t\t\t\t<\/div>\n\t\t\t\t<\/div>\n\t\t\t\t<\/div>\n\t\t","protected":false},"excerpt":{"rendered":"<p>Proz\u00eb KATEGORIT\u00cb Postimet e fundit<\/p>\n","protected":false},"author":1,"featured_media":0,"parent":0,"menu_order":0,"comment_status":"closed","ping_status":"closed","template":"","meta":{"footnotes":""},"class_list":["post-1345","page","type-page","status-publish","hentry"],"_links":{"self":[{"href":"https:\/\/migjeni.se\/index.php\/wp-json\/wp\/v2\/pages\/1345","targetHints":{"allow":["GET"]}}],"collection":[{"href":"https:\/\/migjeni.se\/index.php\/wp-json\/wp\/v2\/pages"}],"about":[{"href":"https:\/\/migjeni.se\/index.php\/wp-json\/wp\/v2\/types\/page"}],"author":[{"embeddable":true,"href":"https:\/\/migjeni.se\/index.php\/wp-json\/wp\/v2\/users\/1"}],"replies":[{"embeddable":true,"href":"https:\/\/migjeni.se\/index.php\/wp-json\/wp\/v2\/comments?post=1345"}],"version-history":[{"count":0,"href":"https:\/\/migjeni.se\/index.php\/wp-json\/wp\/v2\/pages\/1345\/revisions"}],"wp:attachment":[{"href":"https:\/\/migjeni.se\/index.php\/wp-json\/wp\/v2\/media?parent=1345"}],"curies":[{"name":"wp","href":"https:\/\/api.w.org\/{rel}","templated":true}]}}