{"id":27,"date":"2023-11-16T07:50:00","date_gmt":"2023-11-16T07:50:00","guid":{"rendered":"https:\/\/migjeni.se\/?page_id=27"},"modified":"2024-12-05T16:30:53","modified_gmt":"2024-12-05T15:30:53","slug":"per-ne","status":"publish","type":"page","link":"https:\/\/migjeni.se\/index.php\/per-ne\/","title":{"rendered":"P\u00ebr Ne"},"content":{"rendered":"\t\t<div data-elementor-type=\"wp-page\" data-elementor-id=\"27\" class=\"elementor elementor-27\" data-elementor-post-type=\"page\">\n\t\t\t\t<div class=\"elementor-element elementor-element-38bffe61 e-flex e-con-boxed e-con e-parent\" data-id=\"38bffe61\" data-element_type=\"container\" data-settings=\"{&quot;background_background&quot;:&quot;classic&quot;}\">\n\t\t\t\t\t<div class=\"e-con-inner\">\n\t\t<div class=\"elementor-element elementor-element-78a82b65 e-con-full e-flex e-con e-child\" data-id=\"78a82b65\" data-element_type=\"container\">\n\t\t\t\t<div class=\"elementor-element elementor-element-164c554e elementor-invisible elementor-widget elementor-widget-heading\" data-id=\"164c554e\" data-element_type=\"widget\" data-settings=\"{&quot;_animation&quot;:&quot;fadeIn&quot;}\" data-widget_type=\"heading.default\">\n\t\t\t\t<div class=\"elementor-widget-container\">\n\t\t\t\t\t<h2 class=\"elementor-heading-title elementor-size-default\">QKSH\nMigjeni<\/h2>\t\t\t\t<\/div>\n\t\t\t\t<\/div>\n\t\t\t\t<div class=\"elementor-element elementor-element-3e8472c6 elementor-widget elementor-widget-text-editor\" data-id=\"3e8472c6\" data-element_type=\"widget\" data-widget_type=\"text-editor.default\">\n\t\t\t\t<div class=\"elementor-widget-container\">\n\t\t\t\t\t\t\t\t\t<p><span lang=\"SQ\" xml:lang=\"SQ\">Qendra kulturore shqiptare \u201dMigjeni\u201d n\u00eb Bor\u00e5s, u themelua m\u00eb 10 mars 2007, me inisiativ\u00eb dhe k\u00ebrkes\u00eb t\u00eb vet\u00eb bashkatdhetar\u00ebve. <\/span><\/p><p><span lang=\"SQ\" xml:lang=\"SQ\">Q\u00ebllim primar ishte ruajtja e gjuh\u00ebs, kultur\u00ebs dhe identitetit komb\u00ebtar t\u00eb bashkatdhetar\u00ebve tan\u00eb me banim n\u00eb Bor\u00e5s me rethin\u00eb. Q\u00eb nga fillimi i pun\u00ebs, Qendra kulturore shqiptare \u201dMigjeni\u201d kishte vep\u00adrimtari kulturore, informative, sportive dhe humanitare. <\/span><\/p><p><span lang=\"SQ\" xml:lang=\"SQ\">Nga themelimi e deri m\u00eb sot n\u00eb organizim t\u00eb QKSh \u201dMigjeni\u201d u b\u00eb sh\u00ebnimi dhe manifestimi i t\u00eb gjitha datave historike, u organizuan mbr\u00ebmje sho\u00adq\u00ebrore.<\/span><\/p>\t\t\t\t\t\t\t\t<\/div>\n\t\t\t\t<\/div>\n\t\t\t\t<\/div>\n\t\t<div class=\"elementor-element elementor-element-2cd44b51 e-con-full e-flex e-con e-child\" data-id=\"2cd44b51\" data-element_type=\"container\">\n\t\t\t\t<div class=\"elementor-element elementor-element-470e521b elementor-widget elementor-widget-image\" data-id=\"470e521b\" data-element_type=\"widget\" data-widget_type=\"image.default\">\n\t\t\t\t<div class=\"elementor-widget-container\">\n\t\t\t\t\t\t\t\t\t\t\t\t\t\t\t<img fetchpriority=\"high\" decoding=\"async\" width=\"800\" height=\"534\" src=\"https:\/\/migjeni.se\/wp-content\/uploads\/2024\/12\/NE-1024x683.jpg\" class=\"attachment-large size-large wp-image-2375\" alt=\"\" srcset=\"https:\/\/migjeni.se\/wp-content\/uploads\/2024\/12\/NE-1024x683.jpg 1024w, https:\/\/migjeni.se\/wp-content\/uploads\/2024\/12\/NE-300x200.jpg 300w, https:\/\/migjeni.se\/wp-content\/uploads\/2024\/12\/NE-768x512.jpg 768w, https:\/\/migjeni.se\/wp-content\/uploads\/2024\/12\/NE.jpg 1080w\" sizes=\"(max-width: 800px) 100vw, 800px\" \/>\t\t\t\t\t\t\t\t\t\t\t\t\t\t\t<\/div>\n\t\t\t\t<\/div>\n\t\t\t\t<\/div>\n\t\t\t\t\t<\/div>\n\t\t\t\t<\/div>\n\t\t<div class=\"elementor-element elementor-element-dd0ee86 e-flex e-con-boxed e-con e-parent\" data-id=\"dd0ee86\" data-element_type=\"container\">\n\t\t\t\t\t<div class=\"e-con-inner\">\n\t\t\t\t<div class=\"elementor-element elementor-element-f895e83 elementor-widget elementor-widget-text-editor\" data-id=\"f895e83\" data-element_type=\"widget\" data-widget_type=\"text-editor.default\">\n\t\t\t\t<div class=\"elementor-widget-container\">\n\t\t\t\t\t\t\t\t\t<div class=\"field__item\"><p><span lang=\"SQ\" xml:lang=\"SQ\">Duhet theksuar se n\u00eb t\u00ebr\u00eb k\u00ebt\u00eb veprimtari rol t\u00eb ve\u00e7ant\u00eb pati grupi themelues i cili ishte edhe bart\u00ebs krye\u00adsor i jet\u00ebs kulturore. K\u00ebtu duhet theksuar edhe aktivitetin dhe kontributin e madh t\u00eb\u00a0nx\u00ebn\u00ebsve shqiptar\u00eb. <\/span><\/p><\/div><div class=\"field__item\"><p><span lang=\"SQ\" xml:lang=\"SQ\">Detyr\u00eb primare p\u00ebr fillim, <\/span><span lang=\"SQ\" xml:lang=\"SQ\">Shoqata kishte tubimin e bashkatdhetar\u00ebve, kontaktet me ta, shqyrtimin e mund\u00ebsive p\u00ebr nj\u00eb organizim m\u00eb t\u00eb mir\u00eb, shtimin e bashk\u00ebpunimit me shoqatat tjera shqiptare si n\u00eb Suedi, ashtu edhe jasht\u00eb saj. Por, mbi t\u00eb gjitha, detyr\u00eb e t\u00eb gjitha detyrave, para Shoqat\u00ebs u shtrua \u00e7\u00ebshtja e ruajtjes se gjuh\u00ebs, kultur\u00ebs, tradit\u00ebss dhe identitetit komb\u00ebtar te shqiptar\u00ebt me banim n\u00eb Bor\u00e5s, e sidomos kjo \u00e7\u00ebshtje madhore, kishte t\u00eb b\u00ebnte me gjeneratat e reja dhe f\u00ebmij\u00ebt q\u00eb kishin lindur n\u00eb Suedi.<\/span><\/p><p><span lang=\"SQ\" xml:lang=\"SQ\">P\u00ebr, k\u00ebt\u00eb q\u00ebllim Qendra kulturore shqiptare \u201dMigjeni\u201d prej themelimit e deri m\u00eb sot ka organizuar takime t\u00eb shumta kulturore, manifestime t\u00eb ndryshme, n\u00eb p\u00ebrkujtim t\u00eb ngjarjeve m\u00eb t\u00eb r\u00ebnd\u00ebsishme t\u00eb historis\u00eb son\u00eb t\u00eb begatshme si p.sh. p\u00ebr Dit\u00ebn e flamurit, p\u00ebrkat\u00ebsisht 28 N\u00ebntorin (Dit\u00ebn e pavar\u00ebsis\u00eb s\u00eb Shqip\u00ebris\u00eb), Shpalljen e pavar\u00ebsis\u00eb s\u00eb Kosov\u00ebs dhe manifestime t\u00eb tjera kultu\u00adrore.<\/span><\/p><p><span lang=\"SQ\" xml:lang=\"SQ\">Fillimi ishte i v\u00ebshtir\u00eb, por me entuziazmin dhe angazhimin t\u00eb pashoq t\u00eb aktivist\u00ebve t\u00eb QKSh u arrit nj\u00eb kontinuitet i jet\u00ebs kulturore dhe shoq\u00ebrore t\u00eb shqiptar\u00ebve n\u00eb Bor\u00e5s me rrethin\u00eb.<\/span><\/p><\/div>\t\t\t\t\t\t\t\t<\/div>\n\t\t\t\t<\/div>\n\t\t\t\t\t<\/div>\n\t\t\t\t<\/div>\n\t\t\t\t<section class=\"elementor-section elementor-top-section elementor-element elementor-element-5ee4e6f4 elementor-section-boxed elementor-section-height-default elementor-section-height-default\" data-id=\"5ee4e6f4\" data-element_type=\"section\">\n\t\t\t\t\t\t<div class=\"elementor-container elementor-column-gap-default\">\n\t\t\t\t\t<div class=\"elementor-column elementor-col-100 elementor-top-column elementor-element elementor-element-3bb96d4e\" data-id=\"3bb96d4e\" data-element_type=\"column\">\n\t\t\t<div class=\"elementor-widget-wrap elementor-element-populated\">\n\t\t\t\t\t\t<div class=\"elementor-element elementor-element-be13908 elementor-widget-divider--view-line elementor-widget elementor-widget-divider\" data-id=\"be13908\" data-element_type=\"widget\" data-widget_type=\"divider.default\">\n\t\t\t\t<div class=\"elementor-widget-container\">\n\t\t\t\t\t\t\t<div class=\"elementor-divider\">\n\t\t\t<span class=\"elementor-divider-separator\">\n\t\t\t\t\t\t<\/span>\n\t\t<\/div>\n\t\t\t\t\t\t<\/div>\n\t\t\t\t<\/div>\n\t\t\t\t<div class=\"elementor-element elementor-element-9b62997 elementor-widget elementor-widget-heading\" data-id=\"9b62997\" data-element_type=\"widget\" data-widget_type=\"heading.default\">\n\t\t\t\t<div class=\"elementor-widget-container\">\n\t\t\t\t\t<h2 class=\"elementor-heading-title elementor-size-default\">Foto nga disa aktivitete t\u00eb qendr\u00ebs Migjeni n\u00eb Bor\u00e5s<\/h2>\t\t\t\t<\/div>\n\t\t\t\t<\/div>\n\t\t\t\t<div class=\"elementor-element elementor-element-18b1326 elementor-widget elementor-widget-gallery\" data-id=\"18b1326\" data-element_type=\"widget\" data-settings=\"{&quot;lazyload&quot;:&quot;yes&quot;,&quot;gallery_layout&quot;:&quot;grid&quot;,&quot;columns&quot;:4,&quot;columns_tablet&quot;:2,&quot;columns_mobile&quot;:1,&quot;gap&quot;:{&quot;unit&quot;:&quot;px&quot;,&quot;size&quot;:10,&quot;sizes&quot;:[]},&quot;gap_tablet&quot;:{&quot;unit&quot;:&quot;px&quot;,&quot;size&quot;:10,&quot;sizes&quot;:[]},&quot;gap_mobile&quot;:{&quot;unit&quot;:&quot;px&quot;,&quot;size&quot;:10,&quot;sizes&quot;:[]},&quot;link_to&quot;:&quot;file&quot;,&quot;aspect_ratio&quot;:&quot;3:2&quot;,&quot;overlay_background&quot;:&quot;yes&quot;,&quot;content_hover_animation&quot;:&quot;fade-in&quot;}\" data-widget_type=\"gallery.default\">\n\t\t\t\t<div class=\"elementor-widget-container\">\n\t\t\t\t\t\t\t<div class=\"elementor-gallery__container\">\n\t\t\t\t\t\t\t<a class=\"e-gallery-item elementor-gallery-item elementor-animated-content\" href=\"https:\/\/migjeni.se\/wp-content\/uploads\/2024\/12\/Sokoli1.jpg\" data-elementor-open-lightbox=\"yes\" data-elementor-lightbox-slideshow=\"18b1326\" data-elementor-lightbox-title=\"Sokoli1\" data-e-action-hash=\"#elementor-action%3Aaction%3Dlightbox%26settings%3DeyJpZCI6MjM0NywidXJsIjoiaHR0cHM6XC9cL21pZ2plbmkuc2VcL3dwLWNvbnRlbnRcL3VwbG9hZHNcLzIwMjRcLzEyXC9Tb2tvbGkxLmpwZyIsInNsaWRlc2hvdyI6IjE4YjEzMjYifQ%3D%3D\">\n\t\t\t\t\t<div class=\"e-gallery-image elementor-gallery-item__image\" data-thumbnail=\"https:\/\/migjeni.se\/wp-content\/uploads\/2024\/12\/Sokoli1-300x200.jpg\" data-width=\"300\" data-height=\"200\" aria-label=\"\" role=\"img\" ><\/div>\n\t\t\t\t\t\t\t\t\t\t\t<div class=\"elementor-gallery-item__overlay\"><\/div>\n\t\t\t\t\t\t\t\t\t\t\t\t\t\t<\/a>\n\t\t\t\t\t\t\t<a class=\"e-gallery-item elementor-gallery-item elementor-animated-content\" href=\"https:\/\/migjeni.se\/wp-content\/uploads\/2024\/12\/Sokoli2.jpg\" data-elementor-open-lightbox=\"yes\" data-elementor-lightbox-slideshow=\"18b1326\" data-elementor-lightbox-title=\"Sokoli2\" data-e-action-hash=\"#elementor-action%3Aaction%3Dlightbox%26settings%3DeyJpZCI6MjM0OCwidXJsIjoiaHR0cHM6XC9cL21pZ2plbmkuc2VcL3dwLWNvbnRlbnRcL3VwbG9hZHNcLzIwMjRcLzEyXC9Tb2tvbGkyLmpwZyIsInNsaWRlc2hvdyI6IjE4YjEzMjYifQ%3D%3D\">\n\t\t\t\t\t<div class=\"e-gallery-image elementor-gallery-item__image\" data-thumbnail=\"https:\/\/migjeni.se\/wp-content\/uploads\/2024\/12\/Sokoli2-300x200.jpg\" data-width=\"300\" data-height=\"200\" aria-label=\"\" role=\"img\" ><\/div>\n\t\t\t\t\t\t\t\t\t\t\t<div class=\"elementor-gallery-item__overlay\"><\/div>\n\t\t\t\t\t\t\t\t\t\t\t\t\t\t<\/a>\n\t\t\t\t\t\t\t<a class=\"e-gallery-item elementor-gallery-item elementor-animated-content\" href=\"https:\/\/migjeni.se\/wp-content\/uploads\/2024\/12\/Sokoli3.jpg\" data-elementor-open-lightbox=\"yes\" data-elementor-lightbox-slideshow=\"18b1326\" data-elementor-lightbox-title=\"Sokoli3\" data-e-action-hash=\"#elementor-action%3Aaction%3Dlightbox%26settings%3DeyJpZCI6MjM1MCwidXJsIjoiaHR0cHM6XC9cL21pZ2plbmkuc2VcL3dwLWNvbnRlbnRcL3VwbG9hZHNcLzIwMjRcLzEyXC9Tb2tvbGkzLmpwZyIsInNsaWRlc2hvdyI6IjE4YjEzMjYifQ%3D%3D\">\n\t\t\t\t\t<div class=\"e-gallery-image elementor-gallery-item__image\" data-thumbnail=\"https:\/\/migjeni.se\/wp-content\/uploads\/2024\/12\/Sokoli3-300x200.jpg\" data-width=\"300\" data-height=\"200\" aria-label=\"\" role=\"img\" ><\/div>\n\t\t\t\t\t\t\t\t\t\t\t<div class=\"elementor-gallery-item__overlay\"><\/div>\n\t\t\t\t\t\t\t\t\t\t\t\t\t\t<\/a>\n\t\t\t\t\t\t\t<a class=\"e-gallery-item elementor-gallery-item elementor-animated-content\" href=\"https:\/\/migjeni.se\/wp-content\/uploads\/2024\/12\/Sokoli4.jpg\" data-elementor-open-lightbox=\"yes\" data-elementor-lightbox-slideshow=\"18b1326\" data-elementor-lightbox-title=\"Sokoli4\" data-e-action-hash=\"#elementor-action%3Aaction%3Dlightbox%26settings%3DeyJpZCI6MjM1MSwidXJsIjoiaHR0cHM6XC9cL21pZ2plbmkuc2VcL3dwLWNvbnRlbnRcL3VwbG9hZHNcLzIwMjRcLzEyXC9Tb2tvbGk0LmpwZyIsInNsaWRlc2hvdyI6IjE4YjEzMjYifQ%3D%3D\">\n\t\t\t\t\t<div class=\"e-gallery-image elementor-gallery-item__image\" data-thumbnail=\"https:\/\/migjeni.se\/wp-content\/uploads\/2024\/12\/Sokoli4-300x200.jpg\" data-width=\"300\" data-height=\"200\" aria-label=\"\" role=\"img\" ><\/div>\n\t\t\t\t\t\t\t\t\t\t\t<div class=\"elementor-gallery-item__overlay\"><\/div>\n\t\t\t\t\t\t\t\t\t\t\t\t\t\t<\/a>\n\t\t\t\t\t\t\t<a class=\"e-gallery-item elementor-gallery-item elementor-animated-content\" href=\"https:\/\/migjeni.se\/wp-content\/uploads\/2024\/12\/Sokoli5.jpg\" data-elementor-open-lightbox=\"yes\" data-elementor-lightbox-slideshow=\"18b1326\" data-elementor-lightbox-title=\"Sokoli5\" data-e-action-hash=\"#elementor-action%3Aaction%3Dlightbox%26settings%3DeyJpZCI6MjM1MiwidXJsIjoiaHR0cHM6XC9cL21pZ2plbmkuc2VcL3dwLWNvbnRlbnRcL3VwbG9hZHNcLzIwMjRcLzEyXC9Tb2tvbGk1LmpwZyIsInNsaWRlc2hvdyI6IjE4YjEzMjYifQ%3D%3D\">\n\t\t\t\t\t<div class=\"e-gallery-image elementor-gallery-item__image\" data-thumbnail=\"https:\/\/migjeni.se\/wp-content\/uploads\/2024\/12\/Sokoli5-300x200.jpg\" data-width=\"300\" data-height=\"200\" aria-label=\"\" role=\"img\" ><\/div>\n\t\t\t\t\t\t\t\t\t\t\t<div class=\"elementor-gallery-item__overlay\"><\/div>\n\t\t\t\t\t\t\t\t\t\t\t\t\t\t<\/a>\n\t\t\t\t\t\t\t<a class=\"e-gallery-item elementor-gallery-item elementor-animated-content\" href=\"https:\/\/migjeni.se\/wp-content\/uploads\/2024\/12\/Sokoli6.jpg\" data-elementor-open-lightbox=\"yes\" data-elementor-lightbox-slideshow=\"18b1326\" data-elementor-lightbox-title=\"Sokoli6\" data-e-action-hash=\"#elementor-action%3Aaction%3Dlightbox%26settings%3DeyJpZCI6MjM1MywidXJsIjoiaHR0cHM6XC9cL21pZ2plbmkuc2VcL3dwLWNvbnRlbnRcL3VwbG9hZHNcLzIwMjRcLzEyXC9Tb2tvbGk2LmpwZyIsInNsaWRlc2hvdyI6IjE4YjEzMjYifQ%3D%3D\">\n\t\t\t\t\t<div class=\"e-gallery-image elementor-gallery-item__image\" data-thumbnail=\"https:\/\/migjeni.se\/wp-content\/uploads\/2024\/12\/Sokoli6-300x200.jpg\" data-width=\"300\" data-height=\"200\" aria-label=\"\" role=\"img\" ><\/div>\n\t\t\t\t\t\t\t\t\t\t\t<div class=\"elementor-gallery-item__overlay\"><\/div>\n\t\t\t\t\t\t\t\t\t\t\t\t\t\t<\/a>\n\t\t\t\t\t\t\t<a class=\"e-gallery-item elementor-gallery-item elementor-animated-content\" href=\"https:\/\/migjeni.se\/wp-content\/uploads\/2024\/12\/Sokoli7.jpg\" data-elementor-open-lightbox=\"yes\" data-elementor-lightbox-slideshow=\"18b1326\" data-elementor-lightbox-title=\"Sokoli7\" data-e-action-hash=\"#elementor-action%3Aaction%3Dlightbox%26settings%3DeyJpZCI6MjM1NCwidXJsIjoiaHR0cHM6XC9cL21pZ2plbmkuc2VcL3dwLWNvbnRlbnRcL3VwbG9hZHNcLzIwMjRcLzEyXC9Tb2tvbGk3LmpwZyIsInNsaWRlc2hvdyI6IjE4YjEzMjYifQ%3D%3D\">\n\t\t\t\t\t<div class=\"e-gallery-image elementor-gallery-item__image\" data-thumbnail=\"https:\/\/migjeni.se\/wp-content\/uploads\/2024\/12\/Sokoli7-300x225.jpg\" data-width=\"300\" data-height=\"225\" aria-label=\"\" role=\"img\" ><\/div>\n\t\t\t\t\t\t\t\t\t\t\t<div class=\"elementor-gallery-item__overlay\"><\/div>\n\t\t\t\t\t\t\t\t\t\t\t\t\t\t<\/a>\n\t\t\t\t\t\t\t<a class=\"e-gallery-item elementor-gallery-item elementor-animated-content\" href=\"https:\/\/migjeni.se\/wp-content\/uploads\/2024\/12\/Sokoli8.jpg\" data-elementor-open-lightbox=\"yes\" data-elementor-lightbox-slideshow=\"18b1326\" data-elementor-lightbox-title=\"Sokoli8\" data-e-action-hash=\"#elementor-action%3Aaction%3Dlightbox%26settings%3DeyJpZCI6MjM1NSwidXJsIjoiaHR0cHM6XC9cL21pZ2plbmkuc2VcL3dwLWNvbnRlbnRcL3VwbG9hZHNcLzIwMjRcLzEyXC9Tb2tvbGk4LmpwZyIsInNsaWRlc2hvdyI6IjE4YjEzMjYifQ%3D%3D\">\n\t\t\t\t\t<div class=\"e-gallery-image elementor-gallery-item__image\" data-thumbnail=\"https:\/\/migjeni.se\/wp-content\/uploads\/2024\/12\/Sokoli8-300x225.jpg\" data-width=\"300\" data-height=\"225\" aria-label=\"\" role=\"img\" ><\/div>\n\t\t\t\t\t\t\t\t\t\t\t<div class=\"elementor-gallery-item__overlay\"><\/div>\n\t\t\t\t\t\t\t\t\t\t\t\t\t\t<\/a>\n\t\t\t\t\t\t\t<a class=\"e-gallery-item elementor-gallery-item elementor-animated-content\" href=\"https:\/\/migjeni.se\/wp-content\/uploads\/2024\/12\/Sokoli13.jpg\" data-elementor-open-lightbox=\"yes\" data-elementor-lightbox-slideshow=\"18b1326\" data-elementor-lightbox-title=\"Sokoli13\" data-e-action-hash=\"#elementor-action%3Aaction%3Dlightbox%26settings%3DeyJpZCI6MjM1NiwidXJsIjoiaHR0cHM6XC9cL21pZ2plbmkuc2VcL3dwLWNvbnRlbnRcL3VwbG9hZHNcLzIwMjRcLzEyXC9Tb2tvbGkxMy5qcGciLCJzbGlkZXNob3ciOiIxOGIxMzI2In0%3D\">\n\t\t\t\t\t<div class=\"e-gallery-image elementor-gallery-item__image\" data-thumbnail=\"https:\/\/migjeni.se\/wp-content\/uploads\/2024\/12\/Sokoli13-300x230.jpg\" data-width=\"300\" data-height=\"230\" aria-label=\"\" role=\"img\" ><\/div>\n\t\t\t\t\t\t\t\t\t\t\t<div class=\"elementor-gallery-item__overlay\"><\/div>\n\t\t\t\t\t\t\t\t\t\t\t\t\t\t<\/a>\n\t\t\t\t\t\t\t<a class=\"e-gallery-item elementor-gallery-item elementor-animated-content\" href=\"https:\/\/migjeni.se\/wp-content\/uploads\/2024\/12\/Sokoli14.jpg\" data-elementor-open-lightbox=\"yes\" data-elementor-lightbox-slideshow=\"18b1326\" data-elementor-lightbox-title=\"Sokoli14\" data-e-action-hash=\"#elementor-action%3Aaction%3Dlightbox%26settings%3DeyJpZCI6MjM1NywidXJsIjoiaHR0cHM6XC9cL21pZ2plbmkuc2VcL3dwLWNvbnRlbnRcL3VwbG9hZHNcLzIwMjRcLzEyXC9Tb2tvbGkxNC5qcGciLCJzbGlkZXNob3ciOiIxOGIxMzI2In0%3D\">\n\t\t\t\t\t<div class=\"e-gallery-image elementor-gallery-item__image\" data-thumbnail=\"https:\/\/migjeni.se\/wp-content\/uploads\/2024\/12\/Sokoli14-300x169.jpg\" data-width=\"300\" data-height=\"169\" aria-label=\"\" role=\"img\" ><\/div>\n\t\t\t\t\t\t\t\t\t\t\t<div class=\"elementor-gallery-item__overlay\"><\/div>\n\t\t\t\t\t\t\t\t\t\t\t\t\t\t<\/a>\n\t\t\t\t\t\t\t<a class=\"e-gallery-item elementor-gallery-item elementor-animated-content\" href=\"https:\/\/migjeni.se\/wp-content\/uploads\/2024\/12\/Sokoli15.jpg\" data-elementor-open-lightbox=\"yes\" data-elementor-lightbox-slideshow=\"18b1326\" data-elementor-lightbox-title=\"Sokoli15\" data-e-action-hash=\"#elementor-action%3Aaction%3Dlightbox%26settings%3DeyJpZCI6MjM1OCwidXJsIjoiaHR0cHM6XC9cL21pZ2plbmkuc2VcL3dwLWNvbnRlbnRcL3VwbG9hZHNcLzIwMjRcLzEyXC9Tb2tvbGkxNS5qcGciLCJzbGlkZXNob3ciOiIxOGIxMzI2In0%3D\">\n\t\t\t\t\t<div class=\"e-gallery-image elementor-gallery-item__image\" data-thumbnail=\"https:\/\/migjeni.se\/wp-content\/uploads\/2024\/12\/Sokoli15-300x169.jpg\" data-width=\"300\" data-height=\"169\" aria-label=\"\" role=\"img\" ><\/div>\n\t\t\t\t\t\t\t\t\t\t\t<div class=\"elementor-gallery-item__overlay\"><\/div>\n\t\t\t\t\t\t\t\t\t\t\t\t\t\t<\/a>\n\t\t\t\t\t\t\t<a class=\"e-gallery-item elementor-gallery-item elementor-animated-content\" href=\"https:\/\/migjeni.se\/wp-content\/uploads\/2024\/12\/Sokoli17.jpg\" data-elementor-open-lightbox=\"yes\" data-elementor-lightbox-slideshow=\"18b1326\" data-elementor-lightbox-title=\"Sokoli17\" data-e-action-hash=\"#elementor-action%3Aaction%3Dlightbox%26settings%3DeyJpZCI6MjM1OSwidXJsIjoiaHR0cHM6XC9cL21pZ2plbmkuc2VcL3dwLWNvbnRlbnRcL3VwbG9hZHNcLzIwMjRcLzEyXC9Tb2tvbGkxNy5qcGciLCJzbGlkZXNob3ciOiIxOGIxMzI2In0%3D\">\n\t\t\t\t\t<div class=\"e-gallery-image elementor-gallery-item__image\" data-thumbnail=\"https:\/\/migjeni.se\/wp-content\/uploads\/2024\/12\/Sokoli17-300x225.jpg\" data-width=\"300\" data-height=\"225\" aria-label=\"\" role=\"img\" ><\/div>\n\t\t\t\t\t\t\t\t\t\t\t<div class=\"elementor-gallery-item__overlay\"><\/div>\n\t\t\t\t\t\t\t\t\t\t\t\t\t\t<\/a>\n\t\t\t\t\t\t\t<a class=\"e-gallery-item elementor-gallery-item elementor-animated-content\" href=\"https:\/\/migjeni.se\/wp-content\/uploads\/2024\/12\/Sokoli18.jpg\" data-elementor-open-lightbox=\"yes\" data-elementor-lightbox-slideshow=\"18b1326\" data-elementor-lightbox-title=\"Sokoli18\" data-e-action-hash=\"#elementor-action%3Aaction%3Dlightbox%26settings%3DeyJpZCI6MjM2MCwidXJsIjoiaHR0cHM6XC9cL21pZ2plbmkuc2VcL3dwLWNvbnRlbnRcL3VwbG9hZHNcLzIwMjRcLzEyXC9Tb2tvbGkxOC5qcGciLCJzbGlkZXNob3ciOiIxOGIxMzI2In0%3D\">\n\t\t\t\t\t<div class=\"e-gallery-image elementor-gallery-item__image\" data-thumbnail=\"https:\/\/migjeni.se\/wp-content\/uploads\/2024\/12\/Sokoli18-300x225.jpg\" data-width=\"300\" data-height=\"225\" aria-label=\"\" role=\"img\" ><\/div>\n\t\t\t\t\t\t\t\t\t\t\t<div class=\"elementor-gallery-item__overlay\"><\/div>\n\t\t\t\t\t\t\t\t\t\t\t\t\t\t<\/a>\n\t\t\t\t\t\t\t<a class=\"e-gallery-item elementor-gallery-item elementor-animated-content\" href=\"https:\/\/migjeni.se\/wp-content\/uploads\/2024\/12\/Sokoli19.jpg\" data-elementor-open-lightbox=\"yes\" data-elementor-lightbox-slideshow=\"18b1326\" data-elementor-lightbox-title=\"Sokoli19\" data-e-action-hash=\"#elementor-action%3Aaction%3Dlightbox%26settings%3DeyJpZCI6MjM2MSwidXJsIjoiaHR0cHM6XC9cL21pZ2plbmkuc2VcL3dwLWNvbnRlbnRcL3VwbG9hZHNcLzIwMjRcLzEyXC9Tb2tvbGkxOS5qcGciLCJzbGlkZXNob3ciOiIxOGIxMzI2In0%3D\">\n\t\t\t\t\t<div class=\"e-gallery-image elementor-gallery-item__image\" data-thumbnail=\"https:\/\/migjeni.se\/wp-content\/uploads\/2024\/12\/Sokoli19-300x225.jpg\" data-width=\"300\" data-height=\"225\" aria-label=\"\" role=\"img\" ><\/div>\n\t\t\t\t\t\t\t\t\t\t\t<div class=\"elementor-gallery-item__overlay\"><\/div>\n\t\t\t\t\t\t\t\t\t\t\t\t\t\t<\/a>\n\t\t\t\t\t\t\t<a class=\"e-gallery-item elementor-gallery-item elementor-animated-content\" href=\"https:\/\/migjeni.se\/wp-content\/uploads\/2024\/12\/Sokoli21.jpg\" data-elementor-open-lightbox=\"yes\" data-elementor-lightbox-slideshow=\"18b1326\" data-elementor-lightbox-title=\"Sokoli21\" data-e-action-hash=\"#elementor-action%3Aaction%3Dlightbox%26settings%3DeyJpZCI6MjM2MiwidXJsIjoiaHR0cHM6XC9cL21pZ2plbmkuc2VcL3dwLWNvbnRlbnRcL3VwbG9hZHNcLzIwMjRcLzEyXC9Tb2tvbGkyMS5qcGciLCJzbGlkZXNob3ciOiIxOGIxMzI2In0%3D\">\n\t\t\t\t\t<div class=\"e-gallery-image elementor-gallery-item__image\" data-thumbnail=\"https:\/\/migjeni.se\/wp-content\/uploads\/2024\/12\/Sokoli21-300x169.jpg\" data-width=\"300\" data-height=\"169\" aria-label=\"\" role=\"img\" ><\/div>\n\t\t\t\t\t\t\t\t\t\t\t<div class=\"elementor-gallery-item__overlay\"><\/div>\n\t\t\t\t\t\t\t\t\t\t\t\t\t\t<\/a>\n\t\t\t\t\t\t\t<a class=\"e-gallery-item elementor-gallery-item elementor-animated-content\" href=\"https:\/\/migjeni.se\/wp-content\/uploads\/2024\/12\/Sokoli24.jpg\" data-elementor-open-lightbox=\"yes\" data-elementor-lightbox-slideshow=\"18b1326\" data-elementor-lightbox-title=\"Sokoli24\" data-e-action-hash=\"#elementor-action%3Aaction%3Dlightbox%26settings%3DeyJpZCI6MjM2MywidXJsIjoiaHR0cHM6XC9cL21pZ2plbmkuc2VcL3dwLWNvbnRlbnRcL3VwbG9hZHNcLzIwMjRcLzEyXC9Tb2tvbGkyNC5qcGciLCJzbGlkZXNob3ciOiIxOGIxMzI2In0%3D\">\n\t\t\t\t\t<div class=\"e-gallery-image elementor-gallery-item__image\" data-thumbnail=\"https:\/\/migjeni.se\/wp-content\/uploads\/2024\/12\/Sokoli24-300x225.jpg\" data-width=\"300\" data-height=\"225\" aria-label=\"\" role=\"img\" ><\/div>\n\t\t\t\t\t\t\t\t\t\t\t<div class=\"elementor-gallery-item__overlay\"><\/div>\n\t\t\t\t\t\t\t\t\t\t\t\t\t\t<\/a>\n\t\t\t\t\t\t\t<a class=\"e-gallery-item elementor-gallery-item elementor-animated-content\" href=\"https:\/\/migjeni.se\/wp-content\/uploads\/2024\/12\/Sokoli29.jpg\" data-elementor-open-lightbox=\"yes\" data-elementor-lightbox-slideshow=\"18b1326\" data-elementor-lightbox-title=\"Sokoli29\" data-e-action-hash=\"#elementor-action%3Aaction%3Dlightbox%26settings%3DeyJpZCI6MjM2NCwidXJsIjoiaHR0cHM6XC9cL21pZ2plbmkuc2VcL3dwLWNvbnRlbnRcL3VwbG9hZHNcLzIwMjRcLzEyXC9Tb2tvbGkyOS5qcGciLCJzbGlkZXNob3ciOiIxOGIxMzI2In0%3D\">\n\t\t\t\t\t<div class=\"e-gallery-image elementor-gallery-item__image\" data-thumbnail=\"https:\/\/migjeni.se\/wp-content\/uploads\/2024\/12\/Sokoli29-300x225.jpg\" data-width=\"300\" data-height=\"225\" aria-label=\"\" role=\"img\" ><\/div>\n\t\t\t\t\t\t\t\t\t\t\t<div class=\"elementor-gallery-item__overlay\"><\/div>\n\t\t\t\t\t\t\t\t\t\t\t\t\t\t<\/a>\n\t\t\t\t\t\t\t<a class=\"e-gallery-item elementor-gallery-item elementor-animated-content\" href=\"https:\/\/migjeni.se\/wp-content\/uploads\/2024\/12\/Sokoli30.jpg\" data-elementor-open-lightbox=\"yes\" data-elementor-lightbox-slideshow=\"18b1326\" data-elementor-lightbox-title=\"Sokoli30\" data-e-action-hash=\"#elementor-action%3Aaction%3Dlightbox%26settings%3DeyJpZCI6MjM2NSwidXJsIjoiaHR0cHM6XC9cL21pZ2plbmkuc2VcL3dwLWNvbnRlbnRcL3VwbG9hZHNcLzIwMjRcLzEyXC9Tb2tvbGkzMC5qcGciLCJzbGlkZXNob3ciOiIxOGIxMzI2In0%3D\">\n\t\t\t\t\t<div class=\"e-gallery-image elementor-gallery-item__image\" data-thumbnail=\"https:\/\/migjeni.se\/wp-content\/uploads\/2024\/12\/Sokoli30-300x225.jpg\" data-width=\"300\" data-height=\"225\" aria-label=\"\" role=\"img\" ><\/div>\n\t\t\t\t\t\t\t\t\t\t\t<div class=\"elementor-gallery-item__overlay\"><\/div>\n\t\t\t\t\t\t\t\t\t\t\t\t\t\t<\/a>\n\t\t\t\t\t\t\t<a class=\"e-gallery-item elementor-gallery-item elementor-animated-content\" href=\"https:\/\/migjeni.se\/wp-content\/uploads\/2024\/12\/Sokoli32.jpg\" data-elementor-open-lightbox=\"yes\" data-elementor-lightbox-slideshow=\"18b1326\" data-elementor-lightbox-title=\"Sokoli32\" data-e-action-hash=\"#elementor-action%3Aaction%3Dlightbox%26settings%3DeyJpZCI6MjM2NiwidXJsIjoiaHR0cHM6XC9cL21pZ2plbmkuc2VcL3dwLWNvbnRlbnRcL3VwbG9hZHNcLzIwMjRcLzEyXC9Tb2tvbGkzMi5qcGciLCJzbGlkZXNob3ciOiIxOGIxMzI2In0%3D\">\n\t\t\t\t\t<div class=\"e-gallery-image elementor-gallery-item__image\" data-thumbnail=\"https:\/\/migjeni.se\/wp-content\/uploads\/2024\/12\/Sokoli32-300x225.jpg\" data-width=\"300\" data-height=\"225\" aria-label=\"\" role=\"img\" ><\/div>\n\t\t\t\t\t\t\t\t\t\t\t<div class=\"elementor-gallery-item__overlay\"><\/div>\n\t\t\t\t\t\t\t\t\t\t\t\t\t\t<\/a>\n\t\t\t\t\t\t\t<a class=\"e-gallery-item elementor-gallery-item elementor-animated-content\" href=\"https:\/\/migjeni.se\/wp-content\/uploads\/2024\/12\/Sokoli35.jpg\" data-elementor-open-lightbox=\"yes\" data-elementor-lightbox-slideshow=\"18b1326\" data-elementor-lightbox-title=\"Sokoli35\" data-e-action-hash=\"#elementor-action%3Aaction%3Dlightbox%26settings%3DeyJpZCI6MjM2NywidXJsIjoiaHR0cHM6XC9cL21pZ2plbmkuc2VcL3dwLWNvbnRlbnRcL3VwbG9hZHNcLzIwMjRcLzEyXC9Tb2tvbGkzNS5qcGciLCJzbGlkZXNob3ciOiIxOGIxMzI2In0%3D\">\n\t\t\t\t\t<div class=\"e-gallery-image elementor-gallery-item__image\" data-thumbnail=\"https:\/\/migjeni.se\/wp-content\/uploads\/2024\/12\/Sokoli35-300x149.jpg\" data-width=\"300\" data-height=\"149\" aria-label=\"\" role=\"img\" ><\/div>\n\t\t\t\t\t\t\t\t\t\t\t<div class=\"elementor-gallery-item__overlay\"><\/div>\n\t\t\t\t\t\t\t\t\t\t\t\t\t\t<\/a>\n\t\t\t\t\t<\/div>\n\t\t\t\t\t<\/div>\n\t\t\t\t<\/div>\n\t\t\t\t<div class=\"elementor-element elementor-element-bca8b62 elementor-widget-divider--view-line elementor-widget elementor-widget-divider\" data-id=\"bca8b62\" data-element_type=\"widget\" data-widget_type=\"divider.default\">\n\t\t\t\t<div class=\"elementor-widget-container\">\n\t\t\t\t\t\t\t<div class=\"elementor-divider\">\n\t\t\t<span class=\"elementor-divider-separator\">\n\t\t\t\t\t\t<\/span>\n\t\t<\/div>\n\t\t\t\t\t\t<\/div>\n\t\t\t\t<\/div>\n\t\t\t\t\t<\/div>\n\t\t<\/div>\n\t\t\t\t\t<\/div>\n\t\t<\/section>\n\t\t<div class=\"elementor-element elementor-element-d9f5d7e e-flex e-con-boxed e-con e-parent\" data-id=\"d9f5d7e\" data-element_type=\"container\">\n\t\t\t\t\t<div class=\"e-con-inner\">\n\t\t\t\t<div class=\"elementor-element elementor-element-f3395c1 elementor-widget elementor-widget-heading\" data-id=\"f3395c1\" data-element_type=\"widget\" data-widget_type=\"heading.default\">\n\t\t\t\t<div class=\"elementor-widget-container\">\n\t\t\t\t\t<h3 class=\"elementor-heading-title elementor-size-default\">Stadgar f\u00f6r Albansk Kultur Center \u201dMigjeni\u201d<\/h3>\t\t\t\t<\/div>\n\t\t\t\t<\/div>\n\t\t\t\t<div class=\"elementor-element elementor-element-7f270d6 elementor-widget elementor-widget-text-editor\" data-id=\"7f270d6\" data-element_type=\"widget\" data-widget_type=\"text-editor.default\">\n\t\t\t\t<div class=\"elementor-widget-container\">\n\t\t\t\t\t\t\t\t\t<p><span lang=\"SV\" xml:lang=\"SV\">Albansk Kulturcenter &#8220;Migjeni&#8221; i Bor\u00e5s grundades den 10 mars 2007 med initiativet och beg\u00e4ran av albanska landsm\u00e4n. Syftet med detta var att bevara spr\u00e5ket, kulturen och den nationella identiteten hos v\u00e5ra landsm\u00e4n som bor i Bor\u00e5s med omn\u00f6jden. Sedan i b\u00f6rjan av arbetet, den Albanska Kulturcenter &#8220;Migjeni&#8221; hade att g\u00f6ra med kultur, information, sport och humanit\u00e4r arbettet.<\/span><\/p>\t\t\t\t\t\t\t\t<\/div>\n\t\t\t\t<\/div>\n\t\t\t\t<div class=\"elementor-element elementor-element-c0ef3df elementor-widget elementor-widget-text-editor\" data-id=\"c0ef3df\" data-element_type=\"widget\" data-widget_type=\"text-editor.default\">\n\t\t\t\t<div class=\"elementor-widget-container\">\n\t\t\t\t\t\t\t\t\t<p>Lorem ipsum dolor sit amet, consectetur adipiscing elit. Ut elit tellus, luctus nec ullamcorper mattis, pulvinar dapibus leo.<\/p>\t\t\t\t\t\t\t\t<\/div>\n\t\t\t\t<\/div>\n\t\t\t\t<div class=\"elementor-element elementor-element-07a80c0 elementor-widget elementor-widget-text-editor\" data-id=\"07a80c0\" data-element_type=\"widget\" data-widget_type=\"text-editor.default\">\n\t\t\t\t<div class=\"elementor-widget-container\">\n\t\t\t\t\t\t\t\t\t<p>Kapitel 1\u00a0\u00a0\u00a0\u00a0\u00a0 Allm\u00e4nt<\/p><p>\u00a71.1\u00a0\u00a0\u00a0\u00a0 Namn: F\u00f6reningens namn \u00e4r Albansk Kultur Center \u201dMigjeni\u201d<\/p><p>\u00a71.2\u00a0\u00a0\u00a0\u00a0 S\u00e4te: AKC \u201dMigjeni\u201d har sitt s\u00e4te i Bor\u00e5s.<\/p><p>\u00a71.3\u00a0\u00a0\u00a0\u00a0 Definition<\/p><p>\u00a0\u00a0\u00a0\u00a0\u00a0\u00a0\u00a0\u00a0\u00a0\u00a0\u00a0 <strong>AKC \u201dMIgjeni\u201d<\/strong> \u00e4r en f\u00f6rening som arrangerar albanska kulturevenemang i Sverige<\/p><p>\u00a71.4\u00a0\u00a0\u00a0\u00a0 Oberoende\u00a0<\/p><p>\u00a0\u00a0\u00a0\u00a0\u00a0\u00a0\u00a0\u00a0\u00a0\u00a0\u00a0 F\u00f6reningen \u00e4r religi\u00f6st och partipolitiskt obunden.<\/p><p>\u00a71.5\u00a0\u00a0\u00a0 \u00c4ndam\u00e5l och m\u00e5lgrupp<\/p><p>\u00a0\u00a0\u00a0\u00a0\u00a0\u00a0\u00a0\u00a0\u00a0\u00a0\u00a0 AKC \u201dMigjeni\u201d \u00e4r f\u00f6r alla som vill ta del av albansk kultur.<\/p><p>\u00a0\u00a0\u00a0\u00a0\u00a0\u00a0\u00a0\u00a0\u00a0\u00a0\u00a0\u00a0\u00a0\u00a0\u00a0\u00a0\u00a0\u00a0\u00a0\u00a0\u00a0\u00a0\u00a0\u00a0\u00a0 \u00a0\u00a0\u00a0\u00a0\u00a0\u00a0\u00a0\u00a0\u00a0\u00a0\u00a0\u00a0\u00a0\u00a0Kapitel 2 Medlemskap<\/p><p>\u00a72.1\u00a0\u00a0\u00a0 Medlemskap i AKC \u201d MIgjeni\u201d skall ha m\u00f6jlighet att kunna framf\u00f6ra sina \u00e5sikter.<\/p><p>\u00a0\u00a0\u00a0\u00a0Alla medlemmar ska betala medlemsavgift. En medlem som allvarligt skadar f\u00f6reningen och\u00a0<\/p><p>\u00a0\u00a0\u00a0Dess syften kan vara avst\u00e4ngt av styrelsen. Avst\u00e4ngd medlems m\u00e5ste diskuteras p\u00e5 n\u00e4sta<\/p><p>\u00a0\u00a0\u00a0\u00a0\u00a0\u00a0\u00a0\u00a0\u00a0\u00a0\u00a0 \u00e5rsm\u00f6te. Antingen s\u00e5 upph\u00e4vas avst\u00e4ngningen eller s\u00e5 sluts medlemmen.\u00a0 \u00a0 \u00a0 \u00a0 \u00a0 \u00a0 \u00a0 \u00a0 \u00a0<\/p><p>\u00a0\u00a0\u00a0\u00a0\u00a0\u00a0\u00a0\u00a0\u00a0\u00a0\u00a0\u00a0\u00a0\u00a0\u00a0\u00a0\u00a0\u00a0\u00a0\u00a0\u00a0\u00a0\u00a0\u00a0\u00a0\u00a0\u00a0\u00a0\u00a0\u00a0\u00a0\u00a0\u00a0\u00a0\u00a0\u00a0\u00a0\u00a0\u00a0\u00a0 Kapitel 3\u00a0\u00a0\u00a0\u00a0\u00a0\u00a0\u00a0\u00a0\u00a0\u00a0\u00a0\u00a0\u00a0 Organisation<\/p><p>\u00a73.1\u00a0\u00a0\u00a0 \u00a0Medlemsm\u00f6te<\/p><p>Medlemsm\u00f6tet \u00e4r f\u00f6reningen AKC \u201dMIgjeni\u201d h\u00f6gsta beslutande organ. Medlemsm\u00f6te h\u00e5lls\u00a0\u00a0<\/p><p>Minst en g\u00e5ng varje verksamhets\u00e5r. P\u00e5 medlemsm\u00f6tet beslutas om f\u00f6reningens verksamhet, \u00a0\u00a0<\/p><p>ekonomi, stadgar, ny styrelse v\u00e4ljs och den gamla styrelsens ansvarsfrihet behandlas.<\/p><p>\u00a73.2\u00a0\u00a0\u00a0\u00a0\u00a0\u00a0\u00a0\u00a0\u00a0\u00a0\u00a0\u00a0\u00a0\u00a0 \u00a0\u00a0\u00a0\u00a0\u00a0\u00a0\u00a0\u00a0\u00a0\u00a0\u00a0 Styrelse<\/p><p>V\u00e5r styrelse kommer det att best\u00e5 av Ordf\u00f6rande, vis ordf\u00f6rande, sekreterare, kass\u00f6r, ledamot\u00a0 \u00a0 \u00a0<\/p><p>\u00a0Styrelsen skall leda och f\u00f6rdela arbetet i f\u00f6reningen under verksamhets\u00e5ret. De skall ocks\u00e5\u00a0<\/p><p>\u00a0\u00a0\u00a0\u00a0\u00a0\u00a0\u00a0\u00a0\u00a0\u00a0\u00a0\u00a0\u00a0 Verkst\u00e4lla beslut som tas p\u00e5 \u00e5rsm\u00f6tet.<\/p><p>\u00a0\u00a0\u00a0\u00a0\u00a0\u00a0\u00a0\u00a0\u00a0\u00a0\u00a0\u00a0\u00a0 Ordf\u00f6randen v\u00e4ljas p\u00e5 tv\u00e5 \u00e5r, ledam\u00f6ter p\u00e5 tv\u00e5 \u00e5r.<\/p><p>\u00a0 \u00a0 \u00a0 \u00a0 \u00a0\u00a0<\/p><p>\u00a0\u00a0\u00a0\u00a0\u00a0\u00a0\u00a0\u00a0\u00a0\u00a0\u00a0\u00a0\u00a0\u00a0\u00a0\u00a0\u00a0\u00a0\u00a0\u00a0\u00a0<\/p><p>\u00a73.3\u00a0\u00a0\u00a0 \u00a0\u00a0\u00a0Revisorer<\/p><p>\u00a0\u00a0\u00a0\u00a0\u00a0\u00a0\u00a0\u00a0\u00a0\u00a0\u00a0\u00a0\u00a0 F\u00f6r granskning av f\u00f6reningens r\u00e4kenskaper och f\u00f6rvaltning v\u00e4ljas p\u00e5 \u00e5rsm\u00f6te en revisorer<\/p><p>\u00a0\u00a0\u00a0\u00a0\u00a0\u00a0\u00a0\u00a0\u00a0\u00a0\u00a0\u00a0\u00a0 Valb\u00f6r \u00e4r person som inte sitter i styrelsen.\u00a0\u00a0\u00a0\u00a0<\/p><p>\u00a0\u00a0\u00a0\u00a0\u00a0\u00a0\u00a0\u00a0\u00a0\u00a0\u00a0\u00a0\u00a0\u00a0 Revisor beh\u00f6ver inte vara medlem i f\u00f6reningen.\u00a0<\/p><p><em>\u00a0\u00a0\u00a0\u00a0\u00a0\u00a0\u00a0\u00a0\u00a0\u00a0\u00a0\u00a0\u00a0\u00a0\u00a0\u00a0\u00a0\u00a0\u00a0\u00a0\u00a0 <\/em><\/p><p>\u00a73.4\u00a0 \u00a0\u00a0\u00a0\u00a0\u00a0Valberedning<\/p><p>\u00a0\u00a0\u00a0\u00a0\u00a0\u00a0\u00a0\u00a0\u00a0\u00a0\u00a0\u00a0\u00a0 Valberedningen bes\u00e5r av tre personer varav en sammankallande.<\/p><p>\u00a73.5\u00a0\u00a0\u00a0 \u00a0\u00a0\u00a0\u00c4ndring av stadgar<\/p><p>\u00a0\u00a0\u00a0\u00a0\u00a0\u00a0\u00a0\u00a0\u00a0\u00a0\u00a0\u00a0\u00a0 F\u00f6r att \u00e4ndra stadgarna m\u00e5ste detta beslut med 2\/3 majoritet p\u00e5 tv\u00e5 varandra f\u00f6ljande<\/p><p>\u00a0\u00a0\u00a0\u00a0\u00a0\u00a0\u00a0\u00a0\u00a0\u00a0\u00a0\u00a0\u00a0 Medlemsm\u00f6ten med minst 1 m\u00e5nads mellanrum.<\/p><p>\u00a73.6\u00a0\u00a0\u00a0\u00a0\u00a0 Ordinarie \u00e5rsm\u00f6te<\/p><p>\u00a0\u00a0\u00a0\u00a0\u00a0\u00a0\u00a0\u00a0\u00a0\u00a0\u00a0\u00a0 Ordinarie \u00e5rsm\u00f6te skall h\u00e5llas i mars m\u00e5nad utg\u00e5ng varje \u00e5r. Styrelsen beslutar om tid och<\/p><p>\u00a0\u00a0\u00a0\u00a0\u00a0\u00a0\u00a0\u00a0\u00a0\u00a0\u00a0\u00a0 plats. F\u00f6r att m\u00f6tet skall vara beh\u00f6rig m\u00e5ste alla medlemmar meddelas minst tv\u00e5 veckor i<\/p><p>\u00a0\u00a0\u00a0\u00a0\u00a0\u00a0\u00a0\u00a0\u00a0\u00a0\u00a0\u00a0 f\u00f6rv\u00e4g. F\u00f6ljande \u00e4renden ska alltid behandlas p\u00e5 ordinarie \u00e5rsm\u00f6te:<\/p><p>1.\u00a0\u00a0\u00a0\u00a0\u00a0\u00a0\u00a0\u00a0\u00a0\u00a0\u00a0\u00a0\u00a0\u00a0\u00a0\u00a0\u00a0\u00a0 M\u00f6tets \u00f6ppnande<\/p><p>2.\u00a0\u00a0\u00a0\u00a0\u00a0\u00a0\u00a0\u00a0\u00a0\u00a0\u00a0\u00a0\u00a0\u00a0\u00a0\u00a0\u00a0\u00a0 M\u00f6tets beh\u00f6righet<\/p><p>3.\u00a0\u00a0\u00a0\u00a0\u00a0\u00a0\u00a0\u00a0\u00a0\u00a0\u00a0\u00a0\u00a0\u00a0\u00a0\u00a0\u00a0\u00a0 Val av m\u00f6tesordf\u00f6rande<\/p><p>4.\u00a0\u00a0\u00a0\u00a0\u00a0\u00a0\u00a0\u00a0\u00a0\u00a0\u00a0\u00a0\u00a0\u00a0\u00a0\u00a0\u00a0\u00a0 Val av m\u00f6tessekreterare<\/p><p>5.\u00a0\u00a0\u00a0\u00a0\u00a0\u00a0\u00a0\u00a0\u00a0\u00a0\u00a0\u00a0\u00a0\u00a0\u00a0\u00a0\u00a0\u00a0 Val av tv\u00e5 personer att <em>justera <\/em>protokollet<\/p><p>6.\u00a0\u00a0\u00a0\u00a0\u00a0\u00a0\u00a0\u00a0\u00a0\u00a0\u00a0\u00a0\u00a0\u00a0\u00a0\u00a0\u00a0\u00a0 Styrelsens <em>verksamhetsber\u00e4ttelse <\/em>f\u00f6r f\u00f6rra \u00e5ret<\/p><p>7.\u00a0\u00a0\u00a0\u00a0\u00a0\u00a0\u00a0\u00a0\u00a0\u00a0\u00a0\u00a0\u00a0\u00a0\u00a0\u00a0\u00a0\u00a0 <em>Ekonomisk <\/em>ber\u00e4ttelse f\u00f6r f\u00f6rra \u00e5ret<\/p><p>8.\u00a0\u00a0\u00a0\u00a0\u00a0\u00a0\u00a0\u00a0\u00a0\u00a0\u00a0\u00a0\u00a0\u00a0\u00a0\u00a0\u00a0\u00a0 <em>Revisorernas <\/em>ber\u00e4ttelse f\u00f6r f\u00f6rra \u00e5ret<\/p><p>9.\u00a0\u00a0\u00a0\u00a0\u00a0\u00a0\u00a0\u00a0\u00a0\u00a0\u00a0\u00a0\u00a0\u00a0\u00a0\u00a0\u00a0\u00a0 <em>Ansvarsfrihet <\/em>f\u00f6r f\u00f6rra \u00e5rets styrelse<\/p><p>10.\u00a0\u00a0\u00a0\u00a0\u00a0\u00a0\u00a0\u00a0\u00a0\u00a0\u00a0\u00a0\u00a0\u00a0\u00a0\u00a0 Val av ordf\u00f6rande f\u00f6r en tid av ett \u00e5r<\/p><p>11.\u00a0\u00a0\u00a0\u00a0\u00a0\u00a0\u00a0\u00a0\u00a0\u00a0\u00a0\u00a0\u00a0\u00a0\u00a0\u00a0 Val av ledam\u00f6ter f\u00f6r en tid av tv\u00e5 \u00e5r<\/p><p>12.\u00a0\u00a0\u00a0\u00a0\u00a0\u00a0\u00a0\u00a0\u00a0\u00a0\u00a0\u00a0\u00a0\u00a0\u00a0\u00a0 Val av revisorer<\/p><p>13.\u00a0\u00a0\u00a0\u00a0\u00a0\u00a0\u00a0\u00a0\u00a0\u00a0\u00a0\u00a0\u00a0\u00a0\u00a0\u00a0 Val av valberedning<\/p><p>14.\u00a0\u00a0\u00a0\u00a0\u00a0\u00a0\u00a0\u00a0\u00a0\u00a0\u00a0\u00a0\u00a0\u00a0\u00a0\u00a0 Medlemsavgift<\/p><p>15.\u00a0\u00a0\u00a0\u00a0\u00a0\u00a0\u00a0\u00a0\u00a0\u00a0\u00a0\u00a0\u00a0\u00a0\u00a0\u00a0 Inkomna motioner<\/p><p>16.\u00a0\u00a0\u00a0\u00a0\u00a0\u00a0\u00a0\u00a0\u00a0\u00a0\u00a0\u00a0\u00a0\u00a0\u00a0\u00a0 \u00c5rets verksamhetsplan<\/p><p>17.\u00a0\u00a0\u00a0\u00a0\u00a0\u00a0\u00a0\u00a0\u00a0\u00a0\u00a0\u00a0\u00a0\u00a0\u00a0\u00a0 \u00c5rets budget<\/p><p>18.\u00a0\u00a0\u00a0\u00a0\u00a0\u00a0\u00a0\u00a0\u00a0\u00a0\u00a0\u00a0\u00a0\u00a0\u00a0\u00a0 \u00d6vriga fr\u00e5gor<\/p><p>19.\u00a0\u00a0\u00a0\u00a0\u00a0\u00a0\u00a0\u00a0\u00a0\u00a0\u00a0\u00a0\u00a0\u00a0\u00a0\u00a0 M\u00f6tets avslutning<\/p><p>\u00a0<\/p><p>\u00a73.7\u00a0\u00a0\u00a0\u00a0\u00a0\u00a0 Verksamhets och r\u00e4kneskaps\u00e5r<\/p><p>\u00a0\u00a0\u00a0\u00a0\u00a0\u00a0\u00a0\u00a0\u00a0\u00a0\u00a0\u00a0\u00a0\u00a0 AKC \u201dMigjeni\u201d verksamhets och r\u00e4kneskaps\u00e5r omfattar perioden 1 januari till 31 december.<\/p><p>\u00a0<\/p><p>\u00a73.8\u00a0\u00a0\u00a0\u00a0\u00a0\u00a0 Firmateckning<\/p><p>\u00a0\u00a0\u00a0\u00a0\u00a0\u00a0\u00a0\u00a0\u00a0\u00a0\u00a0\u00a0\u00a0 F\u00f6reningens firma tecknas av ordf\u00f6rande, viceordf\u00f6rande och kass\u00f6r var f\u00f6r sig eller hur<\/p><p>\u00a0\u00a0\u00a0\u00a0\u00a0\u00a0\u00a0\u00a0\u00a0\u00a0\u00a0\u00a0\u00a0 Styrelsen best\u00e4mmer.<\/p><p>\u00a0<\/p><p>\u00a73.9\u00a0\u00a0\u00a0\u00a0\u00a0\u00a0 R\u00f6str\u00e4tt<\/p><p>\u00a0\u00a0\u00a0\u00a0\u00a0\u00a0\u00a0\u00a0\u00a0\u00a0\u00a0\u00a0\u00a0 Endast fullt betalande n\u00e4rvarande medlem \u00e4ger r\u00f6str\u00e4tt p\u00e5 \u00e5rsm\u00f6te. P\u00e5 styrelsem\u00f6te \u00e4ger<\/p><p>\u00a0\u00a0\u00a0\u00a0\u00a0\u00a0\u00a0\u00a0\u00a0\u00a0\u00a0\u00a0\u00a0 endast n\u00e4rvarande ur styrelsen r\u00f6str\u00e4tt.<\/p><p>\u00a0<\/p><p>\u00a0\u00a0\u00a0\u00a0\u00a0\u00a0\u00a0\u00a0\u00a0\u00a0\u00a0\u00a0\u00a0 Kapitel 4 F\u00f6reningens uppl\u00f6sande<\/p><p>\u00a74.1\u00a0\u00a0\u00a0\u00a0\u00a0\u00a0 AKC \u201dMigjeni\u201d uppl\u00f6sande<\/p><p>\u00a0\u00a0\u00a0\u00a0\u00a0\u00a0\u00a0\u00a0\u00a0\u00a0\u00a0\u00a0\u00a0 AKC \u201dMIgjeni\u201d uppl\u00f6ses om tv\u00e5 p\u00e5 varandra f\u00f6ljande medlemsm\u00f6ten s\u00e5 beslutar med 2\/3<\/p><p>\u00a0\u00a0\u00a0\u00a0\u00a0\u00a0\u00a0\u00a0\u00a0\u00a0\u00a0\u00a0\u00a0 Majoritet med minst 1 m\u00e5nads mellanrum.<\/p><p>\u00a74.2\u00a0\u00a0\u00a0\u00a0\u00a0 Uppl\u00f6sning<\/p><p>\u00a0\u00a0\u00a0\u00a0\u00a0\u00a0\u00a0 \u00a0\u00a0\u00a0\u00a0\u00a0\u00a0F\u00f6rslag om f\u00f6reningens uppl\u00f6sning f\u00e5r framl\u00e4ggas endast p\u00e5 ordinarie \u00e5rsm\u00f6te. Att uppl\u00f6sning\u00a0<\/p><p>\u00a0\u00a0\u00a0\u00a0\u00a0\u00a0\u00a0\u00a0\u00a0\u00a0\u00a0\u00a0\u00a0 ska behandlas m\u00e5ste framg\u00e5 av kallelsen. F\u00f6reningen kan inte uppl\u00f6sas s\u00e5 l\u00e4nge minst 50%<\/p><p>\u00a0\u00a0\u00a0\u00a0\u00a0\u00a0\u00a0\u00a0\u00a0\u00a0\u00a0\u00a0\u00a0 medlemmar v\u00e4grar godk\u00e4nna uppl\u00f6sningen. Vid uppl\u00f6sningen ska f\u00f6reningens skulder betalas.<\/p><p>\u00a0\u00a0\u00a0\u00a0\u00a0\u00a0\u00a0\u00a0\u00a0\u00a0\u00a0\u00a0\u00a0 D\u00e4refter ska f\u00f6reningens tillg\u00e5ngar g\u00e5 till verksamhet i enlighet med f\u00f6reningens syfte. Hur<\/p><p>\u00a0\u00a0\u00a0\u00a0\u00a0\u00a0\u00a0\u00a0\u00a0\u00a0\u00a0\u00a0 detta ska ske beslutas p\u00e5 f\u00f6reningens sista \u00e5rsm\u00f6te.<\/p><p>\u00a0<\/p><p>Bor\u00e5s den 10 mars 2007<\/p>\t\t\t\t\t\t\t\t<\/div>\n\t\t\t\t<\/div>\n\t\t\t\t\t<\/div>\n\t\t\t\t<\/div>\n\t\t<div class=\"elementor-element elementor-element-6a8ec03e e-flex e-con-boxed e-con e-parent\" data-id=\"6a8ec03e\" data-element_type=\"container\" data-settings=\"{&quot;background_background&quot;:&quot;classic&quot;}\">\n\t\t\t\t\t<div class=\"e-con-inner\">\n\t\t\t\t<div class=\"elementor-element elementor-element-62f7cc2c elementor-widget elementor-widget-heading\" data-id=\"62f7cc2c\" data-element_type=\"widget\" data-widget_type=\"heading.default\">\n\t\t\t\t<div class=\"elementor-widget-container\">\n\t\t\t\t\t<p class=\"elementor-heading-title elementor-size-default\">\u00a9 2026 All Rights Reserved.<\/p>\t\t\t\t<\/div>\n\t\t\t\t<\/div>\n\t\t\t\t\t<\/div>\n\t\t\t\t<\/div>\n\t\t\t\t<\/div>\n\t\t","protected":false},"excerpt":{"rendered":"<p>QKSH Migjeni Qendra kulturore shqiptare \u201dMigjeni\u201d n\u00eb Bor\u00e5s, u themelua m\u00eb 10 mars 2007, me inisiativ\u00eb dhe k\u00ebrkes\u00eb t\u00eb vet\u00eb bashkatdhetar\u00ebve. Q\u00ebllim primar ishte ruajtja e gjuh\u00ebs, kultur\u00ebs dhe identitetit komb\u00ebtar t\u00eb bashkatdhetar\u00ebve tan\u00eb me banim n\u00eb Bor\u00e5s me rethin\u00eb. Q\u00eb nga fillimi i pun\u00ebs, Qendra kulturore shqiptare \u201dMigjeni\u201d kishte vep\u00adrimtari kulturore, informative, sportive dhe [&hellip;]<\/p>\n","protected":false},"author":1,"featured_media":0,"parent":0,"menu_order":0,"comment_status":"closed","ping_status":"closed","template":"","meta":{"footnotes":""},"class_list":["post-27","page","type-page","status-publish","hentry"],"_links":{"self":[{"href":"https:\/\/migjeni.se\/index.php\/wp-json\/wp\/v2\/pages\/27","targetHints":{"allow":["GET"]}}],"collection":[{"href":"https:\/\/migjeni.se\/index.php\/wp-json\/wp\/v2\/pages"}],"about":[{"href":"https:\/\/migjeni.se\/index.php\/wp-json\/wp\/v2\/types\/page"}],"author":[{"embeddable":true,"href":"https:\/\/migjeni.se\/index.php\/wp-json\/wp\/v2\/users\/1"}],"replies":[{"embeddable":true,"href":"https:\/\/migjeni.se\/index.php\/wp-json\/wp\/v2\/comments?post=27"}],"version-history":[{"count":0,"href":"https:\/\/migjeni.se\/index.php\/wp-json\/wp\/v2\/pages\/27\/revisions"}],"wp:attachment":[{"href":"https:\/\/migjeni.se\/index.php\/wp-json\/wp\/v2\/media?parent=27"}],"curies":[{"name":"wp","href":"https:\/\/api.w.org\/{rel}","templated":true}]}}